{"id":4440,"date":"2019-09-02T08:31:08","date_gmt":"2019-09-02T06:31:08","guid":{"rendered":"http:\/\/grundschule-zewen.de\/?page_id=4440"},"modified":"2020-09-23T11:48:03","modified_gmt":"2020-09-23T09:48:03","slug":"aus-dem-schulleben-3","status":"publish","type":"page","link":"https:\/\/grundschule-zewen.de\/?page_id=4440","title":{"rendered":"Chronik: Schulleben im Schuljahr 2019\/2020"},"content":{"rendered":"<p><strong>Ern\u00e4hrungsf\u00fchrerschein<br><\/strong>Ende April hatten die 4. Klassen geplant, den Ern\u00e4hrungsf\u00fchrerschein, der von der Bundesanstalt f\u00fcr Landwirtschaft und Ern\u00e4hrung erarbeitet wurde,<span class=\"Apple-converted-space\">&nbsp;&nbsp;<\/span>zu machen. Aufgrund von Corona ist dies leider ausgefallen.<span class=\"Apple-converted-space\">&nbsp;<br><\/span>Doch dank Frau Mona Gr\u00fcnewald, die im Namen der IKK diese Unterrichtseinheit an Grundschulen durchf\u00fchrt, konnten wir im Juni unser Vorhaben noch nachholen.<br>Mit dem Ern\u00e4hrungsf\u00fchrerschein kommen K\u00fcche und Klimaschutz ins Klassenzimmer. In sechs bis sieben Doppelstunden lernen die Kinder normalerweise, mit frischen Lebensmitteln und K\u00fcchenger\u00e4ten sorgf\u00e4ltig umzugehen. Sie schneiden, sch\u00e4len, raspeln, r\u00fchren, kosten und erwerben wertvolle Alltagskompetenzen. Selbstverst\u00e4ndlich genie\u00dfen sie auch gemeinsam ihre selbst zubereiteten lustigen Brotgesichter, die kunterbunten Nudelsalate und andere kleine Gerichte. Immer mit dabei ist Kater Cook, der clevere K\u00fcchenmeister und ein Vorbild in Sachen Hygiene, Nachhaltigkeit und Klimaschutz.<span class=\"Apple-converted-space\">&nbsp;<br><\/span>Da wir in der Schule aufgrund der Corona-Ma\u00dfnahmen nur den theoretischen Teil bearbeiten konnten, haben die Kinder mit der Unterst\u00fctzung Ihrer Familie die Rezepte zuhause ausprobiert und auf Fotos festgehalten.<br>Hierzu erhielten die Kinder das Heft \u201eFit f\u00fcr die K\u00fcche\u201c, in dem alle Rezepte und die wichtigsten Arbeitsbl\u00e4tter sowie die Ern\u00e4hrungspyramide enthalten sind.&nbsp;<span class=\"Apple-converted-space\">&nbsp;<br><\/span>Die Ern\u00e4hrungspyramide bietet eine Orientierung f\u00fcr das t\u00e4gliche Essen und Trinken. Sie unterst\u00fctzt die Kinder und Jugendliche unter anderem dabei, ihr eigenes Ess- und Trinkverhalten zu reflektieren und bewusst zu gestalten, Lebensmittel und Speisen unter verschiedenen Gesichtspunkten (Einkauf, Nachhaltigkeit, Zubereitung) zu pr\u00fcfen oder sich kritisch mit verschiedenen Ern\u00e4hrungsempfehlungen auseinanderzusetzen.<br>In den Theoriestunden erkl\u00e4rte und demonstrierte Frau Gr\u00fcnewald den Kindern verschiedene Rezepte, damit sie diese zuhause zubereiten konnten. Denn im Mittelpunkt des Ern\u00e4hrungsf\u00fchrerscheins steht die Praxis, d.h. die Kinder d\u00fcrfen es selbst tun. So \u00fcben sie den praktischen Umgang mit Lebensmitteln und K\u00fcchenger\u00e4ten, lernen die Ern\u00e4hrungspyramide als Wegweiser und wichtige Lebensmittelgruppen kennen; erkennen, woraus eine ausgewogene Mahlzeit besteht und essen mit Genuss. Sie lernen also Lebensmittel mit allen Sinnen wahrzunehmen, zuzubereiten und zu genie\u00dfen. Ziel ist es vor allem, dass die Kinder Spa\u00df haben am Selbermachen, am Ausprobieren, am gemeinsamen Essen und die Begeisterung in ihren (Familien-) Alltag tragen.<br>Zum Abschluss der Theorie-Einheit gab es f\u00fcr die Kinder eine schriftliche Pr\u00fcfung. Wurde diese erfolgreich bestanden, erhielten die Kinder ihren Ern\u00e4hrungsf\u00fchrerschein, der von der Lehrkraft und den Kindern unterschrieben sowie mit einem Passbild versehen wurde. Alle Kinder haben die Pr\u00fcfung mit tollen Ergebnissen bestanden. Herzlichen Gl\u00fcckwunsch!<br>Ein gro\u00dfer Dank geht an Frau Gr\u00fcnewald, die trotz der Einschr\u00e4nkungen in unsere Schule kam, den Kindern die Thematik n\u00e4her brachte und sie motivierte, die Rezepte zuhause auszuprobieren.<br>Aber auch unserem F\u00f6rderverein m\u00f6chten wir ganz herzlich danken. Er \u00fcbernahm sowohl die Kosten f\u00fcr die Unterrichtsstunden als auch f\u00fcr die Hefte \u201eFit f\u00fcr die K\u00fcche\u201c der Kinder.<\/p>\n<p><em>Klassen 4a und 4b mit ihren Lehrerinnen Frau Hartke, Frau Scheuer und Frau Heil<\/em><\/p>\nngg_shortcode_0_placeholder\n<p><strong>Die Igelklasse war kreativ<br><\/strong>Noch w\u00e4hrend der \u201eSchule zu Hause\u201c haben die Kinder der Igelklasse (Klasse 1) damit begonnen wei\u00dfe Mundschutzmasken mit ihrem Klassentier \u201eIgel\u201c zu bemalen . Es sind dabei tolle Ergebnisse herausgekommen, die hier zu bestaunen sind.<br>Ganz toll gemacht!<\/p>\nngg_shortcode_1_placeholder\n<p><strong>Die Bl\u00e4serklasse stellt sich vor<br><\/strong>Wir sind als Schule sehr froh \u00fcber die gute Zusammenarbeit mit dem Musikverein Trier-Zewen. So entstand auch die Kooperation \u201eBl\u00e4serklasse\u201c.<br>Die Orchesterschule des Musikvereins Trier-Zewen stellte f\u00fcr die Sch\u00fclerinnen und Sch\u00fcler der Klassen 2a, 2b &amp; 3 am 15. Juni 2020 die Instrumente des Blasorchesters vor.<\/p>\nngg_shortcode_2_placeholder\n<p><strong>Naturmandalas<br><\/strong>Die Klasse 2b hatte im Rahmen des Home Schooling eine freiwillige Aufgabe in Kunst. Wer Lust hatte, sollte aus Naturmaterialien ein Mandala legen und es fotografieren. Hier sind schon von zwei Kindern ganz tolle Mandalas entstanden. Lisa und Alina waren sehr kreativ.<br>Vielen Dank f\u00fcr eure sch\u00f6nen Bilder!<img decoding=\"async\" loading=\"lazy\" class=\"alignnone size-full wp-image-5558\" src=\"http:\/\/grundschule-zewen.de\/wp-content\/uploads\/2020\/05\/Naturmandala-1.jpg\" alt=\"\" width=\"805\" height=\"1632\" srcset=\"https:\/\/grundschule-zewen.de\/wp-content\/uploads\/2020\/05\/Naturmandala-1.jpg 805w, https:\/\/grundschule-zewen.de\/wp-content\/uploads\/2020\/05\/Naturmandala-1-148x300.jpg 148w, https:\/\/grundschule-zewen.de\/wp-content\/uploads\/2020\/05\/Naturmandala-1-768x1557.jpg 768w, https:\/\/grundschule-zewen.de\/wp-content\/uploads\/2020\/05\/Naturmandala-1-505x1024.jpg 505w\" sizes=\"(max-width: 805px) 100vw, 805px\" \/> <img decoding=\"async\" loading=\"lazy\" class=\"alignnone size-full wp-image-5559\" src=\"http:\/\/grundschule-zewen.de\/wp-content\/uploads\/2020\/05\/Naturmandala-2-e1590409751110.jpg\" alt=\"\" width=\"910\" height=\"1213\" srcset=\"https:\/\/grundschule-zewen.de\/wp-content\/uploads\/2020\/05\/Naturmandala-2-e1590409751110.jpg 910w, https:\/\/grundschule-zewen.de\/wp-content\/uploads\/2020\/05\/Naturmandala-2-e1590409751110-225x300.jpg 225w, https:\/\/grundschule-zewen.de\/wp-content\/uploads\/2020\/05\/Naturmandala-2-e1590409751110-768x1024.jpg 768w\" sizes=\"(max-width: 910px) 100vw, 910px\" \/><\/p>\n<p><b>Handballturnier der Trierer Grundschulen<br><\/b>Am Donnerstag, den 27.02.2020, fand das diesj\u00e4hrige Handballturnier der Trierer Grundschulen statt.<br>Gemeinsam mit der Schulmannschaft \u201eReichertsberg\/Pallien\u201c fuhren wir mit dem Bus zur IGS Trier. Unser Team bestand aus 8 Jungen der Klassen 3 und 4. In der Turnhalle der IGS angekommen, hatten sich dort schon viele Mannschaften eingefunden und waren sich flei\u00dfig am Einspielen. Nachdem wir den Spielplan erhalten hatten, stellte sich heraus, dass Zewen in einer starken Gruppe spielte und zu Beginn des Turniers direkt gegen die GS Barbara antreten musste. Es dauerte auch nicht lange, da hatten wir die Kinder der Grundschule Barbara gleich im ersten Spiel besiegt. Die Zewener Kinder waren daraufhin alle hochmotiviert und kampfeslustig, sodass das zweite Spiel gegen Pfalzel auch gewonnen wurde und wir zu diesem Zeitpunkt auf Platz 1 der ersten Gruppe lagen.<br>Leider lie\u00df unsere Siegesserie dann nach und wir verloren die n\u00e4chsten 4 Spiele gegen Ehrang, Matthias, Biewer und Feyen II, wobei zwei der Spiele nur ganz knapp an die Gegner gingen.<br>So spielten wir im letzten Spiel um Platz 11 gegen die Mannschaft Reichertsberg\/Pallien, welches wir leider auch knapp verloren und auf dem 12. Platz landeten.<br>Im gro\u00dfen Finale standen sich die Kinder der Grundschule Feyen und Biewer gegen\u00fcber, welches Feyen klar f\u00fcr sich entschied.<br>Nach der Siegerehrung, bei der jede Schule eine Urkunde bekam, machten wir uns im Schneegest\u00f6ber wieder auf den Heimweg.<span class=\"Apple-converted-space\">&nbsp;<br><\/span>Auch wenn die Entt\u00e4uschung bei einigen Kindern sehr gro\u00df war, haben alle Jungen super gut zusammengespielt und hart gek\u00e4mpft! Ich bin stolz auf euch und eure Leistung!!<span class=\"Apple-converted-space\">&nbsp;<br><\/span>Vielen Dank f\u00fcr die tolle Organisation des Turnieres!<img decoding=\"async\" loading=\"lazy\" class=\"alignnone size-full wp-image-5361\" src=\"http:\/\/grundschule-zewen.de\/wp-content\/uploads\/2020\/03\/Handballturnier_270220-11-Kopie.jpg\" alt=\"\" width=\"1024\" height=\"768\" srcset=\"https:\/\/grundschule-zewen.de\/wp-content\/uploads\/2020\/03\/Handballturnier_270220-11-Kopie.jpg 1024w, https:\/\/grundschule-zewen.de\/wp-content\/uploads\/2020\/03\/Handballturnier_270220-11-Kopie-300x225.jpg 300w, https:\/\/grundschule-zewen.de\/wp-content\/uploads\/2020\/03\/Handballturnier_270220-11-Kopie-768x576.jpg 768w\" sizes=\"(max-width: 1024px) 100vw, 1024px\" \/><em>Weitere Bilder finden Sie im Bereich <a href=\"http:\/\/grundschule-zewen.de\/?page_id=4443\" target=\"_blank\" rel=\"noopener noreferrer\">&#8222;Fotogalerie&#8220;<\/a>.<\/em><\/p>\n<p><strong>Partyalarm<br><\/strong><em>Tanzturnier der Grundschulen 2020<\/em><strong><br><\/strong>Am Mittwoch, den 12.02.2020, fand in Trierweiler der Tanzwettbewerb der Grundschulen des Landkreises Trier-Saarburg statt. Die Grundschule Trier-Zewen nahm zum ersten Mal daran teil, sodass alle gespannt waren, was sie erwarten w\u00fcrde.<br>Das Busunternehmen \u201eThomas Bach\u201c holte die Gruppe um 8.30 Uhr an der Schule ab, sodass noch ausreichend Zeit zum Umziehen, Kennenlernen der B\u00fchne und Warmmachen blieb.<br>Nach wochenlangem Training in der Tanz-AG, die von Frau Reinartz geleitet wird, freuten sich die Kinder auf ihren Auftritt. Nat\u00fcrlich fehlte auch die Aufregung nicht, aber die Stimmung in der Turnhalle, die bereits f\u00fcr Karneval geschm\u00fcckt war, war so toll und ansteckend, dass jegliches Lampenfieber schnell verschwunden war.<br>Nach der Begr\u00fc\u00dfung und einem gemeinsamen Warm-Up-Dance mit allen Kindern wurde die Reihenfolge f\u00fcr den 1. Durchgang ausgelost. Die Grundschule Trier-Zewen war an f\u00fcnfter Stelle an der Reihe und konnte sich so vorab schon einmal die Konkurrenz anschauen; und die war nicht ohne\u2026.<br>Einige Gruppen waren geschminkt und kost\u00fcmiert und hatten eine komplette Choreografie vorbereitet.<br>Dennoch hatten die Zewener Kinder viel Spa\u00df und Freude, zumal auch die Jury aus sehr interessanten Leuten bestand: mit dabei waren u.a. Bernadette Wacht vom TANZSTUDIO Bernadette Wacht sowie Markus Deutsch und Markus Deutsch-Karb, die beide in der Jury des \u201eDance Show Contest\u201c mitwirken.<br>Jede Schule durfte ihren einstudierten Tanz zweimal vorf\u00fchren, bevor im Anschluss die Siegerehrung stattfand. Die Pl\u00e4tze 1-3 belegten die Keune-GS, die GS Matthias und die GS Trierweiler, die sehr originelle und kreative T\u00e4nze vorgef\u00fchrt hatten. Herzlichen Gl\u00fcckwunsch f\u00fcr den wohlverdienten Sieg!<br>Die anderen Teilnehmer landeten gemeinsam auf dem 4. Platz, sodass alle Kinder stolz und zufrieden waren. Die Kinder aus Zewen belegten einen tollen 4. Platz. Herzlichen Gl\u00fcckwunsch!!<br>Es war eine tolle Veranstaltung und f\u00fcr die Kinder ein unvergessliches Erlebnis.<br>Ein gro\u00dfer Dank gilt der AG-Leiterin Christin Reinartz, die die Kinder super vorbereitet und trainiert hat. Wir hoffen, auch im n\u00e4chsten Jahr wieder am Tanzwettbewerb teilnehmen zu k\u00f6nnen.<\/p>\n<p><strong><img decoding=\"async\" loading=\"lazy\" class=\"alignnone size-full wp-image-5339\" src=\"http:\/\/grundschule-zewen.de\/wp-content\/uploads\/2020\/02\/Tanzturnier_120220-2-Kopie.jpg\" alt=\"\" width=\"576\" height=\"768\" srcset=\"https:\/\/grundschule-zewen.de\/wp-content\/uploads\/2020\/02\/Tanzturnier_120220-2-Kopie.jpg 576w, https:\/\/grundschule-zewen.de\/wp-content\/uploads\/2020\/02\/Tanzturnier_120220-2-Kopie-225x300.jpg 225w\" sizes=\"(max-width: 576px) 100vw, 576px\" \/><\/strong><em>Weitere Bilder finden Sie im Bereich <a href=\"http:\/\/grundschule-zewen.de\/?page_id=4443\" target=\"_blank\" rel=\"noopener noreferrer\">&#8222;Fotogalerie&#8220;<\/a>.<\/em><\/p>\n<p><strong>Gro\u00dfer Preis des Oberb\u00fcrgermeisters<br><\/strong>Am Mittwoch, den 29.01.2020, fand die Preisverleihung f\u00fcr die zu ehrenden Schulen, die am 30. Trierer Silvesterlauf teilgenommen haben, durch den Oberb\u00fcrgermeister Herrn Leibe im Broadway Kino statt. Insgesamt 10 \u201eKids\u201c plus eine Begleitperson pro Schule wurden eingeladen, an der Preisverleihung teilzunehmen.<br>So trafen sich am Mittwochnachmittag 10 Kinder der Grundschule Trier-Zewen, die das Los entschieden hatte, mit ihrer Lehrerin Frau Heil vor dem Kino.<br>Nach kurzer Verz\u00f6gerung wurden dann alle Kinder, insgesamt 6 Schulen mit jeweils 10 Sch\u00fclern, in den Kinosaal 4 eingeladen, in dem die Verleihung stattfinden sollte. Nachdem alle ihre Pl\u00e4tze eingenommen hatten, er\u00f6ffnete Herr Dirk Ziesenhenne, der Inhaber des Kinos, die Veranstaltung. Im Anschluss bedankten sich Herr Ruschel, Gesch\u00e4ftsf\u00fchrender Vorstand des Silvesterlauf Trier e.V., sowie Herr Leibe bei den Kindern und Lehrern f\u00fcr die Teilnahmen und das gro\u00dfe Engagement.<br>Geehrt wurde in 3 Kategorien: teilnehmerst\u00e4rkste Schule, sportlichste Schule und teilnehmerst\u00e4rkste Schule prozentual zu ihrer Gesamtsch\u00fclerzahl.<br>Den gro\u00dfen Preis des Oberb\u00fcrgermeisters f\u00fcr die teilnehmerst\u00e4rkste Schule erhielt das Friedrich-Wilhelm-Gymnasium mit 114 Teilnehmern; sportlichste Schule war das Max-Planck-Gymnasium und teilnehmerst\u00e4rkste Schule prozentual zu ihrer Gesamtsch\u00fclerzahl war die Ausonius Grundschule.<br>Die Grundschule Trier-Zewen erzielte den 2. Platz in der Kategorie \u201eteilnehmerst\u00e4rkste Schule prozentual zu ihrer Gesamtsch\u00fclerzahl\u201c und erhielt als Preis einen Gutschein \u00fcber 150 Euro f\u00fcr Sportger\u00e4te.<br>Im Anschluss an die Preisverleihung wurde den Kindern der Film \u201eMein Lehrer ist ein Frosch\u201c gezeigt, der den Zewener Kindern noch mit leckerem Popcorn vers\u00fc\u00dft wurde.<br>Es war eine tolle Veranstaltung und f\u00fcr die Kinder ein Erlebnis der besonderen Art; schlie\u00dflich wird man nicht jeden Tag pers\u00f6nlich vom Oberb\u00fcrgermeister geehrt.<img decoding=\"async\" loading=\"lazy\" class=\"alignnone size-full wp-image-5285\" src=\"http:\/\/grundschule-zewen.de\/wp-content\/uploads\/2020\/01\/Ehrung_Silvesterlauf_Broadway_290120-18-Kopie.jpg\" alt=\"\" width=\"1024\" height=\"768\" srcset=\"https:\/\/grundschule-zewen.de\/wp-content\/uploads\/2020\/01\/Ehrung_Silvesterlauf_Broadway_290120-18-Kopie.jpg 1024w, https:\/\/grundschule-zewen.de\/wp-content\/uploads\/2020\/01\/Ehrung_Silvesterlauf_Broadway_290120-18-Kopie-300x225.jpg 300w, https:\/\/grundschule-zewen.de\/wp-content\/uploads\/2020\/01\/Ehrung_Silvesterlauf_Broadway_290120-18-Kopie-768x576.jpg 768w\" sizes=\"(max-width: 1024px) 100vw, 1024px\" \/><em>Weitere Bilder finden Sie im Bereich <a href=\"http:\/\/grundschule-zewen.de\/?page_id=4443\" target=\"_blank\" rel=\"noopener noreferrer\">&#8222;Fotogalerie&#8220;<\/a>.<\/em><\/p>\n<p><b>Vom Handstand bis zum H\u00fcftumschwung alles dabei\u2026<i><br><\/i><\/b>Am Freitag, den 24.01.2020, fand zum zweiten Mal das Turnfest der Trierer Grundschulen statt; in diesem Jahr bei uns in Zewen. Trotz einiger kurzfristigen Absagen fanden sich immer noch 6 mutige Schulen mit insgesamt 8 Mannschaften, die gerne einmal \u201eaus der Reihe turnten\u201c.<br>Auch die Kinder der Grundschule Trier-Zewen hatten in den letzten Wochen flei\u00dfig trainiert und ge\u00fcbt. Da gab es \u00dcbungen im Bodenturnen, am Barren, auf dem Schwebebalken, am Reck sowie den Sprung \u00fcber den Kasten. Es war gar nicht so einfach, hierf\u00fcr die talentiertesten und motiviertesten Sch\u00fcler und Sch\u00fclerinnen zu finden, da die Bereiche schon sehr unterschiedlich waren. Doch am Ende stand die Aufstellung und nach 30 Minuten Einturnen und Warmmachen konnte es endlich losgehen.<br>Jede Schule musste alle 5 Stationen durchlaufen und immer 8 Kinder mussten die \u00dcbungen durchf\u00fchren. Hierbei gab es verschiedene Schwierigkeitsstufen, sodass f\u00fcr jedes Kind etwas Passendes dabei war, was es zeigen konnte.<br>Nach einem spannenden Turnier erk\u00e4mpften sich die Zewener Kinder einen tollen 5. Platz.<br>Auch wenn es im Vorhinein einige Hindernisse und Missverst\u00e4ndnisse gab, wird die Grundschule Trier-Zewen auch im n\u00e4chsten Jahr wieder motiviert am Turnfest teilnehmen.<br>Vielen Dank an Herrn Weber f\u00fcr die tolle Organisation.<img decoding=\"async\" loading=\"lazy\" class=\"alignnone size-full wp-image-5264\" src=\"http:\/\/grundschule-zewen.de\/wp-content\/uploads\/2020\/01\/Turnfest_240120-29-Kopie.jpg\" alt=\"\" width=\"1024\" height=\"768\" srcset=\"https:\/\/grundschule-zewen.de\/wp-content\/uploads\/2020\/01\/Turnfest_240120-29-Kopie.jpg 1024w, https:\/\/grundschule-zewen.de\/wp-content\/uploads\/2020\/01\/Turnfest_240120-29-Kopie-300x225.jpg 300w, https:\/\/grundschule-zewen.de\/wp-content\/uploads\/2020\/01\/Turnfest_240120-29-Kopie-768x576.jpg 768w\" sizes=\"(max-width: 1024px) 100vw, 1024px\" \/><em>Weitere Bilder finden Sie im Bereich <a href=\"http:\/\/grundschule-zewen.de\/?page_id=4443\" target=\"_blank\" rel=\"noopener noreferrer\">&#8222;Fotogalerie&#8220;<\/a>.<\/em><\/p>\n<p><strong>Traditionelles Schlittern auf der Eisbahn<br><\/strong>Am 20.01.2020 hie\u00df es f\u00fcr die Kinder der Klasse 4b der Grundschule Trier-Zewen zum vierten und damit leider zum letzten Mal \u201eAb auf\u2019s Eis!\u201c! So machten sich die Kinder wie jedes Jahr mit dem Stadtbus auf den Weg zur Eislaufbahn auf dem Kornmarkt in Trier. Mit dabei waren wieder einige Eltern sowie Frau Zeiger mit ihrer dritten Klasse.<br>Auch dieses Mal waren die orangefarbenen Robben hei\u00df begehrt, obwohl alle Kinder das Eislaufen mittlerweile gut beherrschen. So konnte auch Lilly, die leider ein Gipsbein hatte, ein paar Runden \u00fcbers Eis geschoben werden.<br>Es wurde sich gegenseitig gefangen und diverse Wettrennen gemacht. Die Kinder aus Zewen hatten das gro\u00dfe Gl\u00fcck, alleine auf der Eisbahn zu sein, sodass ausreichend Platz f\u00fcr verschiedenste Kunstst\u00fccke war. Trotz einigen \u201eAusrutschern\u201c und unsanften Landungen auf dem Eis hatten alle viel Spa\u00df und waren immer wieder schnell auf den Beinen.<br>Nach fast 2 Stunden auf dem Eis sollte der \u201etraditionelle Dounat\u201c nicht fehlen; dieses Jahr in Form von Quarkb\u00e4llchen aus der naheliegenden B\u00e4ckerei.<br>Nachdem sich alle gest\u00e4rkt und wieder einigerma\u00dfen aufgew\u00e4rmt hatten, fuhren sie m\u00fcde, aber zufrieden mit dem Bus zur\u00fcck zur Schule. Getr\u00fcbt wurde das tolle Ereignis nur dadurch, dass es ein f\u00fcnftes Mal im n\u00e4chsten Jahr leider nicht geben wird. Vielen Dank auch an die Eltern, die uns begleitet, beim Anziehen der Schlittschuhe geholfen und der K\u00e4lte getrotzt haben.<img decoding=\"async\" loading=\"lazy\" class=\"alignnone size-full wp-image-5241\" src=\"http:\/\/grundschule-zewen.de\/wp-content\/uploads\/2020\/01\/Eislaufen_200120-9-Kopie.jpg\" alt=\"\" width=\"1024\" height=\"768\" srcset=\"https:\/\/grundschule-zewen.de\/wp-content\/uploads\/2020\/01\/Eislaufen_200120-9-Kopie.jpg 1024w, https:\/\/grundschule-zewen.de\/wp-content\/uploads\/2020\/01\/Eislaufen_200120-9-Kopie-300x225.jpg 300w, https:\/\/grundschule-zewen.de\/wp-content\/uploads\/2020\/01\/Eislaufen_200120-9-Kopie-768x576.jpg 768w\" sizes=\"(max-width: 1024px) 100vw, 1024px\" \/><em>Weitere Bilder finden Sie im Bereich <a href=\"http:\/\/grundschule-zewen.de\/?page_id=4443\" target=\"_blank\" rel=\"noopener noreferrer\">&#8222;Fotogalerie&#8220;<\/a>.<\/em><\/p>\n<p><strong>Tischtennis lernen auf ganz besondere Art und Weise<br><\/strong>Am Donnerstag, den 16.01.2020, fand an der Grundschule Trier-Zewen zum wiederholten Male ein Tischtennis-Aktionstag statt, der vom Verein \u201eTTC Gr\u00fcn-Wei\u00df Zewen\u201c organisiert und durchgef\u00fchrt wurde. Die Kinder konnten an insgesamt 8 Stationen einen Einblick in die Technik des Tischtennisspieles gewinnen und so einiges ausprobieren.<br>Zu Beginn mussten sich alle Kinder im Kreis aufstellen und es galt, 6-8 Tischtennisb\u00e4lle auf einem Fallschirm-Schwungtuch durch gemeinsames Bewegen zu halten, ohne dass diese zu Boden fallen. Gar nicht so einfach, da der ein oder andere Ball einfach \u00fcber den Rand des Tuches sprang, obwohl dies gar nicht geplant war.<br>Nach einem kurzen Erkl\u00e4rungs-Rundgang konnte das spielerische Lernen beginnen.<br>An der ersten Station mussten die Kinder mit einem Tischtennisschl\u00e4ger in der Hand, auf dem ein Tischtennisball lag, \u00fcber eine Sprossenleiter balancieren, im Slalom um H\u00fctchen vorbeigehen sowie durch und \u00fcber einen Kasten steigen, ohne dass der Ball hinunterf\u00e4llt. Diese Aufgabe stellte sich f\u00fcr den einen als leicht, f\u00fcr den anderen doch als etwas schwieriger dar.<br>Bei der zweiten Station lautete die Aufgabe, mit dem Tischtennisschl\u00e4ger einen Ball \u00fcber ein Hindernis zu schlagen, hinter dem ein Kasten stand, in dem die B\u00e4lle landen sollten.<br>Weiter ging es mit Balancieren \u00fcber zwei umgedrehte B\u00e4nke, w\u00e4hrend zu zweit 3-4 B\u00e4lle auf 2 Holzstangen transportiert werden musste. Keine leichte Aufgabe, die den ein oder anderen an den Rand der Verzweiflung brachte.<br>An der vierten Station war dann ein langer Atem gefragt: hier musste der Tischtennisball allein durch einmaliges Pusten \u00fcber die gesamte Platte zu einer Zielzahl bef\u00f6rdert werden. Auch hier gab es einige verzweifelte Gesichter, aber auch sehr viel zu lachen.<br>Weiter ging es an zwei B\u00e4nken, die schr\u00e4g an der Sprossenwand standen. Aufgabe hierbei war es, den Ball mit der Vorhand nach oben zu transportieren, und zwar in Partnerarbeit.An der n\u00e4chsten Station musste der Tischtennisball nach einem normalen Aufschlag \u00fcber das Netz, aber gleichzeitig auch unter einer Stange durchgespielt werden. Ziel hierbei waren aufeinandergestapelte Pappbecher, die es umzuwerfen galt. \u201eGar nicht so einfach\u201c, stellte die Lehrkraft fest, nachdem sie ebenfalls einen Versuch gestartet hatte.<br>An der n\u00e4chsten Tischtennisplatte standen auf der gegen\u00fcberliegenden Seite 3 H\u00fctchen mit der \u00d6ffnung zu dem Spieler, der versuchen musste, den Tischtennisball nach dem Spiel \u00fcber das Netz in das H\u00fctchen zu bringen. Das st\u00e4ndige Einsammeln der \u201everspielten\u201c B\u00e4lle hielt die Kinder auf Trapp und motivierte sie umso mehr, beim n\u00e4chsten Versuch das H\u00fctchen erst recht zu treffen.<br>Die letzte Station erinnerte an das typische Spiel \u201eRundlauf\u201c; wobei die Kinder hierbei mit ihrem Partner jeweils nur nach rechts und links springen mussten, um einen heranrollenden Ball wieder zur\u00fcckzubef\u00f6rdern, ohne dass dieser zu Boden f\u00e4llt.<br>Besonders talentierte Kinder durften ihr K\u00f6nnen noch an einer separaten Tischtennisplatte zeigen, bei der es auch einige Tipps zur richtigen Ausf\u00fchrung des Aufschlages gab.<br>Alle Kinder hatten gro\u00dfen Spa\u00df und nicht nur einmal konnte man den Satz: \u201eIch m\u00f6chte auch Tischtennis im Verein spielen!\u201c h\u00f6ren. In allem war es ein sehr gelungener Tag, der die Kinder in die Geheimnisse des Tischtennisspielens eingeweihte und den ein oder anderen motivierte, weiter zu \u00fcben, um den Ball zuk\u00fcnftig geschickter \u00fcber die Platte zu spielen.<br>Ein gro\u00dfer Dank gilt den Herrn G\u00fcnther Meier und seinen Kollegen, die diese besondere Unterrichtsstunde f\u00fcr jede Klassenstufe \u00fcberhaupt erst m\u00f6glich machten.<img decoding=\"async\" loading=\"lazy\" class=\"alignnone size-full wp-image-5165\" src=\"http:\/\/grundschule-zewen.de\/wp-content\/uploads\/2020\/01\/TT-Aktionstag_16120-54-Kopie.jpg\" alt=\"\" width=\"1024\" height=\"768\" srcset=\"https:\/\/grundschule-zewen.de\/wp-content\/uploads\/2020\/01\/TT-Aktionstag_16120-54-Kopie.jpg 1024w, https:\/\/grundschule-zewen.de\/wp-content\/uploads\/2020\/01\/TT-Aktionstag_16120-54-Kopie-300x225.jpg 300w, https:\/\/grundschule-zewen.de\/wp-content\/uploads\/2020\/01\/TT-Aktionstag_16120-54-Kopie-768x576.jpg 768w\" sizes=\"(max-width: 1024px) 100vw, 1024px\" \/><em>Weitere Bilder finden Sie im Bereich <a href=\"http:\/\/grundschule-zewen.de\/?page_id=4443\" target=\"_blank\" rel=\"noopener noreferrer\">&#8222;Fotogalerie&#8220;<\/a>.<\/em><\/p>\n<p><b>Silvesterlauf 2019<br><\/b>28 Zewener Kinder unserer Grundschule liefen beim 30. Trierer Silvesterlauf 2019 mit; knapp ein Drittel der gesamten Sch\u00fclerzahl! Eine stolze Leistung!! In insgesamt 4 verschiedenen L\u00e4ufen starteten die Kinder.<span class=\"Apple-converted-space\">&nbsp;<br><\/span>Nachdem wir uns alle am Domstein getroffen und die Startnummern sichtbar befestigt hatten, erfolgte eine kurze Aufw\u00e4rmphase: zu Beginn ein paar Dehn\u00fcbungen, bevor der Platz vor dem Dom zum Einlaufen genutzt wurde. Nach ein paar kurzen Sprints, Hopserlauf- und Kniehebelaufsequenzen k\u00e4mpften wir uns hochmotiviert, aber auch mit dem n\u00f6tigen Respekt hinunter zum Start am Hauptmarkt. Da pl\u00f6tzlich alle Zug\u00e4nge geschlossen waren, musste ein kurzer Umweg in Kauf genommen werden, bevor wir alle p\u00fcnktlich am Start waren. Zun\u00e4chst erfolgten die beiden\u201c Bambini-L\u00e4ufe\u201c (0,6km) der M\u00e4dchen und Jungen; im Anschluss der \u201eVolksfreundlauf der M\u00e4dchen und Jungen\u201c \u00fcber 1,0km.<span class=\"Apple-converted-space\">&nbsp;<br><\/span>Lea-Marie Lefev und Tobias Heinz waren unsere schnellsten Bambinis. Andreea Teodorescu das schnellste M\u00e4dchen und Florian Heinz der schnellste Junge \u00fcber die 1,0km. Herzlichen Gl\u00fcckwunsch!<br>Der gro\u00dfe Dank geht nat\u00fcrlich an alle Kinder! Mit viel Engagement und Spa\u00df liefen sie alle ins Ziel und lie\u00dfen sich feiern. Gut gemacht! Ihr k\u00f6nnt alle sehr stolz auf euch sein! Vielen Dank an alle, auch an die vielen Eltern und Verwandten, die uns so toll unterst\u00fctzt haben.<br>Aus den Erfahrungen beim ersten Mal kann man f\u00fcr das n\u00e4chste Jahr nur lernen, so dass die Organisation in Zukunft noch besser klappen wird.<br>Nur noch ein knappes Jahr bis zum n\u00e4chsten Silvesterlauf 2020; vielleicht dann mit noch mehr teilnehmenden Kindern.<br>Alle Ergebnisse und Urkunden findet ihr nach den Ferien in der Schule.<br><img decoding=\"async\" loading=\"lazy\" class=\"alignnone size-full wp-image-5148\" src=\"http:\/\/grundschule-zewen.de\/wp-content\/uploads\/2020\/01\/Silvesterlauf_311219_EKopie-2.jpg\" alt=\"\" width=\"1365\" height=\"768\" srcset=\"https:\/\/grundschule-zewen.de\/wp-content\/uploads\/2020\/01\/Silvesterlauf_311219_EKopie-2.jpg 1365w, https:\/\/grundschule-zewen.de\/wp-content\/uploads\/2020\/01\/Silvesterlauf_311219_EKopie-2-300x169.jpg 300w, https:\/\/grundschule-zewen.de\/wp-content\/uploads\/2020\/01\/Silvesterlauf_311219_EKopie-2-768x432.jpg 768w, https:\/\/grundschule-zewen.de\/wp-content\/uploads\/2020\/01\/Silvesterlauf_311219_EKopie-2-1024x576.jpg 1024w\" sizes=\"(max-width: 1365px) 100vw, 1365px\" \/><em>Weitere Bilder finden Sie im Bereich <a href=\"http:\/\/grundschule-zewen.de\/?page_id=4443\" target=\"_blank\" rel=\"noopener noreferrer\">&#8222;Fotogalerie&#8220;<\/a>.<\/em><\/p>\n<p><strong>Erste Weihnachtsb\u00e4ckerei der 1. Klasse<\/strong><br>Am gestrigen Montag verwandelte sich unsere Schulk\u00fcche in eine gut duftende Weihnachtsb\u00e4ckerei. Gemeinsam mit (gro\u00df)elterlicher Unterst\u00fctzung, buken die kleinen B\u00e4ckerinnen und B\u00e4cker zig Bleche voll mit leckeren Pl\u00e4tzchen. Vorher wurde nat\u00fcrlich der von den Mamas gespendete Teig ausgerollt, ausgestochen, gebacken und schlie\u00dflich mit Schokolade, Zuckerguss und bunten Perlen verziert. Das Naschen zwischendurch kam nat\u00fcrlich auch nicht zu kurz. Alle hatten viel Spa\u00df und k\u00f6nnen noch die restliche Woche in den Pausen die Pl\u00e4tzchen genie\u00dfen.<br>Vielen Dank an alle Spender und Helferinnen!<br><em>Frau Heckmann mit den Kindern der Klasse 1<br><img decoding=\"async\" loading=\"lazy\" class=\"alignnone size-full wp-image-5121\" src=\"http:\/\/grundschule-zewen.de\/wp-content\/uploads\/2019\/12\/P1060485-min.jpg\" alt=\"\" width=\"4000\" height=\"3000\" srcset=\"https:\/\/grundschule-zewen.de\/wp-content\/uploads\/2019\/12\/P1060485-min.jpg 4000w, https:\/\/grundschule-zewen.de\/wp-content\/uploads\/2019\/12\/P1060485-min-300x225.jpg 300w, https:\/\/grundschule-zewen.de\/wp-content\/uploads\/2019\/12\/P1060485-min-768x576.jpg 768w, https:\/\/grundschule-zewen.de\/wp-content\/uploads\/2019\/12\/P1060485-min-1024x768.jpg 1024w\" sizes=\"(max-width: 4000px) 100vw, 4000px\" \/>Weitere Bilder finden Sie im Bereich <a href=\"http:\/\/grundschule-zewen.de\/?page_id=4443\" target=\"_blank\" rel=\"noopener noreferrer\">&#8222;Fotogalerie&#8220;<\/a>.<br><\/em><\/p>\n<p><strong>In der Weihnachtsb\u00e4ckerei\u2026<br><\/strong>Auch in diesem Jahr wurde in der Adventszeit wieder flei\u00dfig in der Schulk\u00fcche gebacken. Auch die Sch\u00fcler der Klassen 4a und 4b waren am Donnerstag, den 12.12.2019 wieder dabei.<br>Dank vieler Teigspenden der Eltern konnten die Kinder kneten, ausrollen, ausstechen und nach dem Backen die fertigen Pl\u00e4tzchen noch sch\u00f6n mit Schokolade, Streuseln und Zuckerguss verzieren.<br>Insgesamt kamen so ca. 15 Bleche voller bunter Pl\u00e4tzchen zusammen, und das Staunen war gro\u00df, dass es so viele geworden sind. M\u00f6glich war dies auch nur mit der tatkr\u00e4ftigen Unterst\u00fctzung unserer FSJ-lerin Stella Hensel und der Mutter von Lara aus der Klasse 4b, Frau Nothum. Vielen herzlichen Dank daf\u00fcr!<br><img decoding=\"async\" loading=\"lazy\" class=\"alignnone size-full wp-image-5107\" src=\"http:\/\/grundschule-zewen.de\/wp-content\/uploads\/2019\/12\/Pl\u00e4tzchenbacken_121219-5-Kopie.jpg\" alt=\"\" width=\"1024\" height=\"768\" srcset=\"https:\/\/grundschule-zewen.de\/wp-content\/uploads\/2019\/12\/Pl\u00e4tzchenbacken_121219-5-Kopie.jpg 1024w, https:\/\/grundschule-zewen.de\/wp-content\/uploads\/2019\/12\/Pl\u00e4tzchenbacken_121219-5-Kopie-300x225.jpg 300w, https:\/\/grundschule-zewen.de\/wp-content\/uploads\/2019\/12\/Pl\u00e4tzchenbacken_121219-5-Kopie-768x576.jpg 768w\" sizes=\"(max-width: 1024px) 100vw, 1024px\" \/><em>Weitere Bilder finden Sie im Bereich <a href=\"http:\/\/grundschule-zewen.de\/?page_id=4443\" target=\"_blank\" rel=\"noopener noreferrer\">&#8222;Fotogalerie&#8220;<\/a>.<\/em><\/p>\n<p><strong>Pr\u00e4ventionsangebot \u201eFitness-Check\u201c der AOK<br><\/strong>Am Mittwoch, den 11.12.2019, bekamen die Kinder der Klassen 1 und 4 unserer Schule Besuch von den beiden AOK-Sportlehrerinnen Jutta B\u00f6se und Christine Grengs (Gesundheitskasse). &nbsp;Ihr fragt euch, was ein Fitness-Check ist? Die AOK hat zu dem Thema \u201eBewegung\u201c das kostenlose Pr\u00e4ventionsangebot \u201eFitness-Check\u201c entwickelt. Dieser richtet sich an Kinder im Alter von 6-11 Jahren und betr\u00e4gt einmalig zwei Unterrichtsstunden.<br>Die Erst- und Viertkl\u00e4ssler testeten hierbei in acht Stationen ihre Koordination, Kraft, Beweglichkeit und Ausdauer und trugen ihre pers\u00f6nlichen Ergebnisse in einen Fitnesspass ein. Anhand einer Auswertungstabelle k\u00f6nnen die Ergebnisse nun von den Lehrkr\u00e4ften ausgewertet werden. In Form von Smileys sehen die Kinder und Eltern dann, in welchem Fitness-Baustein St\u00e4rken und\/oder noch Schw\u00e4chen vorhanden sind. &nbsp;Damit die Kinder den Fitness-Check jederzeit im Sportunterricht durchf\u00fchren k\u00f6nnen (um Verbesserungen festzustellen), wurde der Schule das Medienpaket \u201eFitness-Check\u201c kostenfrei und dauerhaft zur Verf\u00fcgung gestellt.<br>Wir bedanken uns ganz herzlich bei den beiden AOK-Sportlehrerinnen Jutta B\u00f6se und Christine Grengs, die am kommenden Montag noch einmal zu uns an die Schule kommen, um den Fitness-Check auch mit den Kindern der Klassen 2 und 3 durchzuf\u00fchren.<br><img decoding=\"async\" loading=\"lazy\" class=\"alignnone size-full wp-image-5091\" src=\"http:\/\/grundschule-zewen.de\/wp-content\/uploads\/2019\/12\/Fitness_Check_111219-9-Kopie.jpg\" alt=\"\" width=\"1024\" height=\"768\" srcset=\"https:\/\/grundschule-zewen.de\/wp-content\/uploads\/2019\/12\/Fitness_Check_111219-9-Kopie.jpg 1024w, https:\/\/grundschule-zewen.de\/wp-content\/uploads\/2019\/12\/Fitness_Check_111219-9-Kopie-300x225.jpg 300w, https:\/\/grundschule-zewen.de\/wp-content\/uploads\/2019\/12\/Fitness_Check_111219-9-Kopie-768x576.jpg 768w\" sizes=\"(max-width: 1024px) 100vw, 1024px\" \/><em>Weitere Bilder finden Sie im Bereich <a href=\"http:\/\/grundschule-zewen.de\/?page_id=4443\" target=\"_blank\" rel=\"noopener noreferrer\">&#8222;Fotogalerie&#8220;<\/a>.<\/em><\/p>\n<p><strong>Besuch vom Nikolaus<br><\/strong>Auch in diesem Jahr kam der Nikolaus p\u00fcnktlich am 6. Dezember zu Besuch in die Grundschule Trier-Zewen. Voller Erwartung hatten sich alle Kinder um 8.00 Uhr in der Aula versammelt. Mit dem Lied \u201eLasst uns froh und munter sein\u201c empfingen sie den heiligen Mann, der gemeinsam mit seinem Engel angereist kam.<br>Nach einer herzlichen Begr\u00fc\u00dfung erz\u00e4hlte der Nikolaus aus Myra zun\u00e4chst seine Geschichte, der die Kinder aufmerksam lauschten. Lilly aus der ersten Klasse durfte voller Stolz den Stab des Bischofs halten, w\u00e4hrend dieser aus seinem goldenen Buch vorlas, wie die Kinder sich das Jahr \u00fcber verhalten hatten. Nach einigen Lobesworten mussten die Kinder sich aber auch anh\u00f6ren, dass sie hin und wieder noch etwas mehr Respekt zeigen und auf die Lehrer h\u00f6ren sollten.<br>Im Anschluss sagte Maxim aus Klasse 3 dem Nikolaus und seinem Engel noch zwei selbstgeschriebene Gedichte auf.<br>Danach w\u00fcnschte sich der Nikolaus noch einmal das Lied \u201e Lasst uns froh und munter sein\u201c (weil er es so gerne h\u00f6rt). Bevor er sich auf die Weiterreise machte, verteilte der Nikolaus bzw. sein Engel allen Kindern noch einen Weckmann. Dar\u00fcber freuten sich diese sehr.<br><img decoding=\"async\" loading=\"lazy\" class=\"alignnone size-full wp-image-5090\" src=\"http:\/\/grundschule-zewen.de\/wp-content\/uploads\/2019\/12\/Besuch_Nikolaus_061219-1.jpg\" alt=\"\" width=\"1024\" height=\"768\" srcset=\"https:\/\/grundschule-zewen.de\/wp-content\/uploads\/2019\/12\/Besuch_Nikolaus_061219-1.jpg 1024w, https:\/\/grundschule-zewen.de\/wp-content\/uploads\/2019\/12\/Besuch_Nikolaus_061219-1-300x225.jpg 300w, https:\/\/grundschule-zewen.de\/wp-content\/uploads\/2019\/12\/Besuch_Nikolaus_061219-1-768x576.jpg 768w\" sizes=\"(max-width: 1024px) 100vw, 1024px\" \/><em>Weitere Bilder finden Sie im Bereich <a href=\"http:\/\/grundschule-zewen.de\/?page_id=4443\" target=\"_blank\" rel=\"noopener noreferrer\">&#8222;Fotogalerie&#8220;<\/a>.<\/em><\/p>\n<p><strong>Treffen der Detektive und Sp\u00fcrnasen in der Grundschule Zewen<br><\/strong>Am Donnerstag, den 21.11.2019, fand f\u00fcr die Kinder der Klassen 4a und 4b ein Lesenachmittag zu dem Thema \u201eDetektive\u201c statt. Nachdem sie bereits vormittags zur B\u00fccherei nach Igel wanderten, dort eine tolle F\u00fchrung und interessante Erkl\u00e4rungen bekamen und im Anschluss auch noch in den B\u00fcchern st\u00f6bern oder etwas spielen durften, stand am Nachmittag auch weiterhin das Thema \u201eLesen\u201c im Vordergrund.<br>Zu Beginn begr\u00fc\u00dften sich die teilweise als Detektive verkleideten Kinder, bevor sie im Anschluss von Frau Hartke einen kurzen Auszug aus einem Detektivbuch vorgelesen bekamen. Hierzu galt es, ein geheimes R\u00e4tsel zu l\u00f6sen, was die Kinder in toller Teamarbeit erfolgreich l\u00f6sen konnten.<br>Danach erkl\u00e4rten die Lehrer das Basteln einer Lupe und teilten die Kinder durch Losen in 5 Gruppen ein. Jede Gruppe musste eine Rallye durch das Schulgel\u00e4nde absolvieren, bei der so manche Knobel- oder Rechenaufgabe die K\u00f6pfe der Kinder zum Qualmen brachte.<br>Lesen, Zuh\u00f6ren und R\u00e4tsel l\u00f6sen macht hungrig, sodass danach erst einmal das kreativ und liebevoll zubereitete B\u00fcfett gepl\u00fcndert wurde. Nach einer kurzen Pause wurde dann noch die Schatzkiste ge\u00f6ffnet, die am Ende der Rallye in der B\u00fccherei versteckt war. Darin befanden sich f\u00fcr jedes Kind ein Hausaufgabengutschein sowie ein Kinderriegel.<br>Es war ein gelungener Lesenachmittag, der dank der zahlreichen Kuchen-, Pl\u00e4tzchen- und Muffinspenden der Eltern auch den kulinarischen Aspekt nicht au\u00dfen vorlie\u00df.<br><img decoding=\"async\" loading=\"lazy\" class=\"alignnone size-full wp-image-5089\" src=\"http:\/\/grundschule-zewen.de\/wp-content\/uploads\/2019\/12\/Lesetag_211119-34-Kopie.jpg\" alt=\"\" width=\"1024\" height=\"768\" srcset=\"https:\/\/grundschule-zewen.de\/wp-content\/uploads\/2019\/12\/Lesetag_211119-34-Kopie.jpg 1024w, https:\/\/grundschule-zewen.de\/wp-content\/uploads\/2019\/12\/Lesetag_211119-34-Kopie-300x225.jpg 300w, https:\/\/grundschule-zewen.de\/wp-content\/uploads\/2019\/12\/Lesetag_211119-34-Kopie-768x576.jpg 768w\" sizes=\"(max-width: 1024px) 100vw, 1024px\" \/><em>Weitere Bilder finden Sie im Bereich <a href=\"http:\/\/grundschule-zewen.de\/?page_id=4443\" target=\"_blank\" rel=\"noopener noreferrer\">&#8222;Fotogalerie&#8220;<\/a>.<\/em><\/p>\n<p><strong>Volksbank Trier als Volksfreund Lesepate<\/strong><br>Die Volksbank Trier ist Volksfreund-Lesepate an 21 Grundschulen in Trier und im Kreis Trier-Saarburg. Schon seit vielen Jahren unterst\u00fctzt die Genossenschaftsbank die j\u00fcngsten Zeitungsleser im Rahmen des Projekt \u201ePaten machen Schule\u201c. Die Schulen erhalten den Trierischen Volksfreund t\u00e4glich in die Schule geliefert und k\u00f6nnen die Zeitung dann in den Unterricht integrieren oder den Sch\u00fclern die Zeitungslekt\u00fcre in den Lese-Ecken erm\u00f6glichen. Zu diesen Patenschulen z\u00e4hlt auch die Grundschule Trier-Zewen . In Zewen haben die Grundsch\u00fcler jeden Tag die Gelegenheit, den Volksfreund in der Schulbibliothek zu lesen.<br>Informationen zum Projekt unter <a href=\"http:\/\/www.paten-machen-schule.de\/\" target=\"_blank\" rel=\"noopener noreferrer\">www.paten-machen-schule.de<\/a><br>[Leicht ge\u00e4nderter Auszug aus einem Bericht des Trierischen Volksfreunds vom 16.\/17. November 2019]<br><a href=\"http:\/\/grundschule-zewen.de\/wp-content\/uploads\/2019\/11\/d_st-20191116-9.pdf\" target=\"_blank\" rel=\"noopener noreferrer\">Hier<\/a> gelangen Sie zum kompletten Artikel.<\/p>\n<figure id=\"attachment_4972\" aria-describedby=\"caption-attachment-4972\" style=\"width: 2766px\" class=\"wp-caption alignnone\"><a href=\"http:\/\/grundschule-zewen.de\/wp-content\/uploads\/2019\/11\/GSZewenLesepaten2019.jpg\" target=\"_blank\" rel=\"noopener noreferrer\"><img decoding=\"async\" loading=\"lazy\" class=\"wp-image-4972 size-full\" src=\"http:\/\/grundschule-zewen.de\/wp-content\/uploads\/2019\/11\/GSZewenLesepaten2019.jpg\" alt=\"\" width=\"2766\" height=\"2066\" srcset=\"https:\/\/grundschule-zewen.de\/wp-content\/uploads\/2019\/11\/GSZewenLesepaten2019.jpg 2766w, https:\/\/grundschule-zewen.de\/wp-content\/uploads\/2019\/11\/GSZewenLesepaten2019-300x224.jpg 300w, https:\/\/grundschule-zewen.de\/wp-content\/uploads\/2019\/11\/GSZewenLesepaten2019-768x574.jpg 768w, https:\/\/grundschule-zewen.de\/wp-content\/uploads\/2019\/11\/GSZewenLesepaten2019-1024x765.jpg 1024w\" sizes=\"(max-width: 2766px) 100vw, 2766px\" \/><\/a><figcaption id=\"caption-attachment-4972\" class=\"wp-caption-text\">Die Lehrerinnen Simone Burczyk, Katja Zeiger und Sandra Heckmann, Sch\u00fcler aus allen Klassen sowie Hans Josef Nie\u00df von der Volksbank in der Lese-Ecke der Grundschule Zewen.<\/figcaption><\/figure>\n<p><strong><br>Skipping Hearts &#8211; Seilspringen macht Schule<\/strong><br>Um Kinder wieder zu mehr Bewegung zu motivieren, hat die Deutsche Herzstiftung das Pr\u00e4ventionsprojekt \u201eSkipping Hearts\u201c initiiert. So hatten Kinder der 3. und 4 Klasse unserer Schule am Freitag, den 15.11.2019 die M\u00f6glichkeit, &nbsp;an einem kostenfreien zweist\u00fcndigen Basis-Kurs des Seilspringens (Rope Skipping) unter Leitung von Frau Uschi Dahm teilzunehmen. Dieser bestand aus einem angeleiteten Workshop und vermittelte zahlreiche Sprungvarianten, die alleine, zu zweit oder in der Gruppe durchgef\u00fchrt werden konnten.<br>In den 2 Stunden \u00fcbten und probierten die Kinder alle Spr\u00fcnge und konnten so nicht nur ihre motorischen Grundf\u00e4higkeiten wie Ausdauer und Koordination, sondern auch ihre eigenen Kenntnisse verbessern und vieles dazulernen. So motivierten und erh\u00f6hten die Erfolgserlebnisse der Kinder ihre Freude an der Bewegung und machten sie stolz.<br>Im Anschluss kamen die anderen Schulkinder sowie auch einige Eltern, die sich die 10-min\u00fctige Pr\u00e4sentation des Gelernten unter der fachkundigen Leitung von Frau Uschi Dahm nicht entgehen lassen wollten. Die Kinder, aber auch so manches Elternteil, lie\u00dfen es sich nicht nehmen, selbst einmal wieder zum Seil zu greifen und das Springen auszuprobieren. Zum Schluss konnten die Kinder noch kosteng\u00fcnstig hochwertige Springseile erwerben, damit sie auch zuhause flei\u00dfig springen k\u00f6nnen.<br>Es war ein toller Tag, f\u00fcr den wir uns ganz herzlich bei der Deutschen Herzstiftung und vor allem bei Frau Dahm bedanken m\u00f6chten, die sich gro\u00dfe M\u00fche mit den Kindern gegeben hat und ihnen einen ereignisreichen und tollen Tag erm\u00f6glicht hat.<img decoding=\"async\" loading=\"lazy\" class=\"alignnone size-full wp-image-4966\" src=\"http:\/\/grundschule-zewen.de\/wp-content\/uploads\/2019\/11\/Rope_Skipping_151119-15-Kopie.jpg\" alt=\"\" width=\"1024\" height=\"768\" srcset=\"https:\/\/grundschule-zewen.de\/wp-content\/uploads\/2019\/11\/Rope_Skipping_151119-15-Kopie.jpg 1024w, https:\/\/grundschule-zewen.de\/wp-content\/uploads\/2019\/11\/Rope_Skipping_151119-15-Kopie-300x225.jpg 300w, https:\/\/grundschule-zewen.de\/wp-content\/uploads\/2019\/11\/Rope_Skipping_151119-15-Kopie-768x576.jpg 768w\" sizes=\"(max-width: 1024px) 100vw, 1024px\" \/><em>Weitere Bilder finden Sie im Bereich <a href=\"http:\/\/grundschule-zewen.de\/?page_id=4443\" target=\"_blank\" rel=\"noopener noreferrer\">&#8222;Fotogalerie&#8220;<\/a>.<\/em><\/p>\n<p><strong>Basketball-Stadtmeisterschaften der Trierer Grundschulen am 08.11.2019<br><\/strong>Am Freitag, den 08.11.2019, fanden die diesj\u00e4hrigen Basketball-Stadtmeisterschaften der Trierer Grundschulen in der Arena Trier statt. Unsere Schule fuhr am Morgen mit 7 motivierten Jungs, einem gut gelaunten M\u00e4del und einer entspannten Sportlehrerin gemeinsam mit den Grundschulen Euren, Reichertsberg und Pallien in einem Luxusbus der Firma Kylltal zum genannten Veranstaltungsort. Es stellte sich heraus, dass dies der ehemalige Tourbus der Kelly Family war, was die Luxusausstattung erkl\u00e4rte.&nbsp; \ud83d\ude42<br>In der Arena trafen sich 15 Schulen, die insgesamt 19 Mannschaften stellten, um in einem fairen Turnier den hei\u00dfersehnten Pokal zu erk\u00e4mpfen.<br>Wie auch im letzten Jahr wurde wieder auf 4 Feldern wurde parallel gespielt, sodass gegen 12.10 Uhr alle Spiele bis auf das Finale beendet waren.<br>Unsere Sch\u00fcler erreichten nach 3 hart gek\u00e4mpften Spielen den zweiten Platz in ihrer Gruppe. Das anschlie\u00dfende Spiel gegen die Grundschule Biewer gewannen die Kinder knapp und standen nun im Spiel um Platz 5 der Grundschule Barbara gegen\u00fcber. Auch hier siegten die Zewener Kinder, sodass sie am Schluss einen tollen 5. Platz belegten. Gratulation!!<br>Wie bereits im letzten Jahr k\u00e4mpften die Sch\u00fcler der Grundschulen Tarforst und Feyen in einem spannenden Finale gegeneinander, wobei dieses Mal die Tarforster Sch\u00fcler den l\u00e4ngeren Atem hatten und den Pokal mit nach Hause nehmen konnten. Herzlichen Gl\u00fcckwunsch!<br>Die Konkurrenz war wie bei allen Wettk\u00e4mpfen sehr stark und es wurde viel gelaufen und hart gek\u00e4mpft. Nicht nur einmal flossen aus Wut und Entt\u00e4uschung \u00fcber das verlorene und vermeintlich unfair gepfiffene Spiel Tr\u00e4nen; trotz allem hatten alle Kinder Spa\u00df und Freude und gingen nach der Siegerehrung mit einem stolzen L\u00e4cheln zu ihren Bussen.<br>F\u00fcr uns alle war es mal wieder ein ereignisreicher und sportlicher Tag mit einer super Stimmung.<br>Ein gro\u00dfes Lob gilt an dieser Stelle dem Organisator, Herrn Michael Marx, der f\u00fcr einen reibungslosen Ablauf des Turniers sorgte.<img decoding=\"async\" loading=\"lazy\" class=\"alignnone size-full wp-image-4930\" src=\"http:\/\/grundschule-zewen.de\/wp-content\/uploads\/2019\/11\/Basketball_Arena_081119-18-Kopie.jpg\" alt=\"\" width=\"576\" height=\"768\" srcset=\"https:\/\/grundschule-zewen.de\/wp-content\/uploads\/2019\/11\/Basketball_Arena_081119-18-Kopie.jpg 576w, https:\/\/grundschule-zewen.de\/wp-content\/uploads\/2019\/11\/Basketball_Arena_081119-18-Kopie-225x300.jpg 225w\" sizes=\"(max-width: 576px) 100vw, 576px\" \/><em>Weitere Bilder finden Sie im Bereich <a href=\"http:\/\/grundschule-zewen.de\/?page_id=4443\" target=\"_blank\" rel=\"noopener noreferrer\">&#8222;Fotogalerie&#8220;<\/a>.<\/em><\/p>\n<p><strong>Die Klassenfahrt der 4b und 4a<br><\/strong>Die Klassen 4a und 4b waren vom 21.10.19 bis zum 23.10.19 auf Klassenfahrt in der Jugendherberge in Cochem. Am Montag, den 21.10.19, trafen sich alle um 8.15 Uhr am Hauptbahnhof Trier, um dann um 8.31 Uhr mit dem Zug nach Cochem zu fahren. Dort angekommen mussten die Kinder mit ihren Koffern und Rucks\u00e4cken \u00fcber eine Br\u00fccke gehen, um zur Jugendherberge zu gelangen. Als erstes erhielten die Kinder und Lehrerinnen die Schl\u00fcsselkarten f\u00fcr ihre Zimmer und konnten diese dann anschlie\u00dfend beziehen und ihr Gep\u00e4ck auspacken.<br>Nach dem Mittagessen gab es eine Erkundungstour durch die Jugendherberge in Form einer Rallye, die am Ende der Klassenfahrt ausgewertet und pr\u00e4miert wurde.<br>Im Anschluss gingen alle zusammen in die Stadt und die Kinder durften sich dort in Kleingruppen 60 Minuten alleine aufhalten. Abends gab es dann f\u00fcr alle um 20.00 Uhr im Gemeinschaftsraum eine Disco mit Discolicht, Musik, Chips und Fanta.<br>Am n\u00e4chsten Morgen fuhren alle nach dem Fr\u00fchst\u00fcck mit dem Bus zu einem Parkplatz, von wo aus es noch einen steilen Berg hoch zur Ehrenburg zu erklimmen galt. Dort mussten die Kinder eine Losung herausfinden. Sie lautete: \u201eHexenk\u00fcche\u201c. Auf der Burg gab es 3 verschiedene Stationen: Bogenschie\u00dfen, Burgf\u00fchrung und Brotbacken. Die Klassen hatten alle einen Namen. Die 4a waren die L\u00f6wen, die 4b die Drachen und die Kinder aus der St. Andreas-Grundschule waren die Adler.<br>Am Mittwochmorgen wurden die Zimmer nach dem Fr\u00fchst\u00fcck ger\u00e4umt und um 11.14 Uhr fuhr der Zug, so dass alle Kinder um 12.19 Uhr wieder wohlbehalten in Trier am Hauptbahnhof ankamen.<br>Es war eine tolle Zeit mit vielen sch\u00f6nen Erlebnissen.<\/p>\n<p><a href=\"http:\/\/grundschule-zewen.de\/wp-content\/uploads\/2019\/11\/Unsere-Klassenfahrt.pdf\" target=\"_blank\" rel=\"noopener noreferrer\">Hier<\/a> gelangen Sie zu weiteren Berichten der Kinder.<br><img decoding=\"async\" loading=\"lazy\" class=\"alignnone size-full wp-image-4908\" src=\"http:\/\/grundschule-zewen.de\/wp-content\/uploads\/2019\/11\/Klassenfahrt_Oktober_2019-44.jpg\" alt=\"\" width=\"1024\" height=\"768\" srcset=\"https:\/\/grundschule-zewen.de\/wp-content\/uploads\/2019\/11\/Klassenfahrt_Oktober_2019-44.jpg 1024w, https:\/\/grundschule-zewen.de\/wp-content\/uploads\/2019\/11\/Klassenfahrt_Oktober_2019-44-300x225.jpg 300w, https:\/\/grundschule-zewen.de\/wp-content\/uploads\/2019\/11\/Klassenfahrt_Oktober_2019-44-768x576.jpg 768w\" sizes=\"(max-width: 1024px) 100vw, 1024px\" \/><em>Weitere Bilder finden Sie im Bereich <a href=\"http:\/\/grundschule-zewen.de\/?page_id=4443\" target=\"_blank\" rel=\"noopener noreferrer\">&#8222;Fotogalerie&#8220;<\/a>.<\/em><\/p>\n<p><strong>&#8222;Vom Acker in den Mund&#8220; &#8211; Bauernhofbesuch<br><\/strong>Im Rahmen des Projektes \u201eVom Acker in den Mund\u201c besuchte die Klasse 3 unter der Leitung von Frau Zeiger am 20. September 2019 mit finanzieller Unterst\u00fctzung der Sarah Wiener Stiftung den Bornwiesenhof in Wilzenberg-Hu\u00dfweiler.<br><a href=\"http:\/\/grundschule-zewen.de\/wp-content\/uploads\/2019\/10\/Eindr\u00fccke-Bauernhoffahrt.abd_.pdf\" target=\"_blank\" rel=\"noopener noreferrer\">Hier<\/a> gelangen Sie zu selbstgeschriebenen Artikeln der Kinder.<img decoding=\"async\" loading=\"lazy\" class=\"alignnone size-full wp-image-4856\" src=\"http:\/\/grundschule-zewen.de\/wp-content\/uploads\/2019\/10\/Bild-12.jpg\" alt=\"\" width=\"3264\" height=\"2448\" srcset=\"https:\/\/grundschule-zewen.de\/wp-content\/uploads\/2019\/10\/Bild-12.jpg 3264w, https:\/\/grundschule-zewen.de\/wp-content\/uploads\/2019\/10\/Bild-12-300x225.jpg 300w, https:\/\/grundschule-zewen.de\/wp-content\/uploads\/2019\/10\/Bild-12-768x576.jpg 768w, https:\/\/grundschule-zewen.de\/wp-content\/uploads\/2019\/10\/Bild-12-1024x768.jpg 1024w\" sizes=\"(max-width: 3264px) 100vw, 3264px\" \/><em>Weitere Bilder finden Sie im Bereich <a href=\"http:\/\/grundschule-zewen.de\/?page_id=4443\" target=\"_blank\" rel=\"noopener noreferrer\">&#8222;Fotogalerie&#8220;<\/a>.<\/em><\/p>\n<p><strong>&#8222;Apfelernte&#8220; bei Bauer Greif<br><\/strong>Am 22.10. 2019 besuchte die Igelklasse (Klasse 1), gemeinsam mit ihrer Lehrerin Frau Heckmann und der FSJ-lerin Frau Hensel, die Apfelplantagen von Bauer Greif. Zuvor drehte sich im Sach-, Kunst- und Musikunterricht bereits alles um das Thema \u201eApfel\u201c. Ebenso wurde in der letzten Woche der Buchstabe \u201eA, a \u2013 wie Apfel\u201c gelernt, sodass dieser Ausflug nun eine sch\u00f6ne Erg\u00e4nzung dazu war.<br>Bei der Ankunft auf dem Hof waren wir alle von den sch\u00f6nen K\u00fcrbissen fasziniert, mit denen alles geschm\u00fcckt und dekoriert war. Bald kam dann auch schon Bauer Greif und lud uns in seinen \u201eApfel \u2013 Express\u201c ein. Damit brachte er uns \u00fcber matschige Wege voller riesiger Pf\u00fctzen und L\u00f6cher zu seinen Plantagen. Das war ein gro\u00dfer Spa\u00df! Alle lachten und kreischten vor Vergn\u00fcgen \u00fcber die rasante und holprige Fahrt. In der Plantage angekommen, durfte jedes Kind seine leere T\u00fcte aufhalten und bekam diese dann von Herrn Greif mit \u00c4pfeln vollgepackt. Wir fuhren zuerst zur Sorte \u201ePinova\u201c, dann zu \u201ePilot\u201c und zum Schluss zu \u201eBraeburn\u201c. Viele lie\u00dfen sich schon auf der ebenso spa\u00dfigen R\u00fcckfahrt einen leckeren, frisch gepfl\u00fcckten Apfel schmecken. Wieder auf dem Hof angekommen, bedankten wir uns bei Herrn Greif f\u00fcr den tollen Ausflug und die \u00c4pfel und zogen bepackt mit unseren Apfelt\u00fcten in Richtung Spielplatz. Dort durften wir dann noch etwas toben und spielen, bis wir schlie\u00dflich zur Schule zur\u00fcck spazierten.<br>Jedes Kind durfte nat\u00fcrlich auch einen Apfel mit nach Hause nehmen. Aus den restlichen \u00c4pfeln stellen wir gemeinsam frisches Apfelkompott her.<br>Das war ein toller Ausflug!<br><em>Klasse 1 mit Frau Heckmann<img decoding=\"async\" loading=\"lazy\" class=\"alignnone size-full wp-image-4831\" src=\"http:\/\/grundschule-zewen.de\/wp-content\/uploads\/2019\/10\/IMG_2254.jpg\" alt=\"\" width=\"320\" height=\"240\" srcset=\"https:\/\/grundschule-zewen.de\/wp-content\/uploads\/2019\/10\/IMG_2254.jpg 320w, https:\/\/grundschule-zewen.de\/wp-content\/uploads\/2019\/10\/IMG_2254-300x225.jpg 300w\" sizes=\"(max-width: 320px) 100vw, 320px\" \/><br>Weitere Bilder finden Sie im Bereich <a href=\"http:\/\/grundschule-zewen.de\/?page_id=4443\" target=\"_blank\" rel=\"noopener noreferrer\">&#8222;Fotogalerie&#8220;<\/a>.<\/em><\/p>\n<p><strong>Was soll man blo\u00df anziehen?<\/strong><br>Am Freitag, den 27.09.2019, fuhren wir gemeinsam mit unseren Lehrerinnen Frau Heil und Frau Hartke sowie unserer Praktikantin Laura Fleck mit dem Stadtbus zum Stadtmuseum an der Porta Nigra. Dort besuchten wir die Ausstellung \u201eUm angemessene Kleidung wird gebeten\u201c und erhielten eine tolle F\u00fchrung mit anschlie\u00dfendem Bastelworkshop. Nach einem kurzen Fr\u00fchst\u00fcck auf dem Vorplatz der Porta Nigra \u00f6ffnete das Museum um 10.00 Uhr seine Pforten und nachdem wir alle unsere Jacken und R\u00fccks\u00e4cke weggesperrt hatten, ging es auch schon los. Frau Bermes zeigte uns historische Kleidungsst\u00fccke von 1770 bis heute und verdeutlichte uns, wie sich Dresscodes und die Idee von \u201eangemessener Kleidung\u201c \u00fcber die Jahrhunderte ver\u00e4ndert haben. Von Taufkleidchen bis Trauermode war alles dabei und veranschaulichte uns die Kleiderordnungen, die zu verschiedenen Zeiten herrschten. Neben Kleidern ber\u00fchmter Designer wir Dior oder Oestergaard wurde auch Arbeits- und Notkleidung gezeigt \u2013 etwa ein Brautkleid aus Fallschirmseide. Nach dem Museumsrundgang, der sehr interessant war, sind wir in den Kunstraum gegangen. Dort haben wir dann aus Filz Kragen gebastelt und angemalt. Als wir fertig waren, durften wir drau\u00dfen noch ein bisschen spielen. Zum Abschluss haben wir alle unseren Kragen angezogen und ein Gruppenfoto vor der gro\u00dfen Karl-Marx-Statue gemacht. Am Ende sind wir dann wieder mit dem Stadtbus zur\u00fcck zur Schule gefahren. Leider war die Zeit sehr schnell vorbei. Es war ein sch\u00f6ner und interessanter Ausflug und wir bedanken uns ganz herzlich bei dem Stadtmuseum und der Sparkasse f\u00fcr den kostenlosen Workshop. <br><em>Klasse 4a und 4b<img decoding=\"async\" loading=\"lazy\" class=\"alignnone size-full wp-image-4811\" src=\"http:\/\/grundschule-zewen.de\/wp-content\/uploads\/2019\/10\/Museum_Kleidung_270919-20.jpg\" alt=\"\" width=\"1024\" height=\"768\" srcset=\"https:\/\/grundschule-zewen.de\/wp-content\/uploads\/2019\/10\/Museum_Kleidung_270919-20.jpg 1024w, https:\/\/grundschule-zewen.de\/wp-content\/uploads\/2019\/10\/Museum_Kleidung_270919-20-300x225.jpg 300w, https:\/\/grundschule-zewen.de\/wp-content\/uploads\/2019\/10\/Museum_Kleidung_270919-20-768x576.jpg 768w\" sizes=\"(max-width: 1024px) 100vw, 1024px\" \/>Weitere Bilder finden Sie im Bereich <a href=\"http:\/\/grundschule-zewen.de\/?page_id=4443\" target=\"_blank\" rel=\"noopener noreferrer\">&#8222;Fotogalerie&#8220;<\/a>.<\/em><\/p>\n<p><strong>Familienwanderung der Klasse 4b<br><\/strong>Am Samstag, den 21.09.2019, um 13.00 Uhr, trafen sich die Sch\u00fcler, Eltern und Geschwisterkinder mit ihrer Klassenlehrerin Frau Heil an der Grundschule Zewen zu einer Familienwanderung. Dort wurden Salate, Grillgut und Getr\u00e4nke im K\u00fchlschrank verstaut sowie die Sitzgarnituren f\u00fcr das abschlie\u00dfende Grillen aufgebaut.<br>Bei strahlendem Sonnenschein und angenehmen Temperaturen machte sich die gro\u00dfe Truppe dann auf den Weg. Es ging entlang der Mosel Richtung Igel, wo zun\u00e4chst am Spielplatz eine kurze Pause eingelegt wurde. N\u00e4chster Halt war das Wassertretbecken, welches bei dem warmen Wetter mit gro\u00dfer Freude genutzt wurde. Nat\u00fcrlich blieb es nicht aus, dass der ein oder andere den rutschigen Boden untersch\u00e4tze und somit nicht nur die F\u00fc\u00dfe nass wurden.<br>Die Kinder suchten sich passende \u201eGehhilfen\u201c, die beim anschlie\u00dfenden Grillen auf dem Schulhof noch mit Schnitzereien verziert wurden.<br>Einige hatten bereits am Vormittag ein Fu\u00dfballspiel bzw. -training absolviert und auch gewonnen, sodass sie motiviert unterwegs waren. Nach knapp 3 Stunden, in denen ausgiebig frische Luft getankt und Neuigkeiten ausgetauscht wurden, erreichten die ersten (nat\u00fcrlich die Kinder!) wieder die Schule. Dort wartete eine \u00dcberraschung: unser toller Hausmeister war schon zugange und hatte Musik aufgelegt und Feuer gemacht, sodass schon nach kurzer Zeit die ersten W\u00fcrstchen und Schwenker auf den Grill gelegt werden konnten. Schlie\u00dflich machen Wandern und frische Luft sehr hungrig und durstig.<br>Dank der tollen Elternschaft gab es eine gro\u00dfe Auswahl an leckeren Salaten, Dips, Baguette und Getr\u00e4nken. Gest\u00e4rkt und erholt begannen die Kinder dann, auf dem Schulhof Fu\u00dfball zu spielen und Kastanien zu sammeln. Auch das Kletterger\u00fcst sowie die Slackline wurden mit Freude und Eifer genutzt, sodass die Erwachsenen Ruhe und Zeit hatten, sich in gem\u00fctlicher Runde zu unterhalten.<br>Es war ein rundum gelungener, sch\u00f6ner Tag, der uns noch lange in guter Erinnerung bleibt. Ein gro\u00dfes Dankesch\u00f6n an alle flei\u00dfigen Eltern und Kinder, die beim Planen, Vorbereiten und Aufbauen geholfen und so den Tag erst erm\u00f6glicht haben!<br><img decoding=\"async\" loading=\"lazy\" class=\"alignnone size-full wp-image-4764\" src=\"http:\/\/grundschule-zewen.de\/wp-content\/uploads\/2019\/09\/Familienwanderung_210919-6-Kopie.jpg\" alt=\"\" width=\"1024\" height=\"768\" srcset=\"https:\/\/grundschule-zewen.de\/wp-content\/uploads\/2019\/09\/Familienwanderung_210919-6-Kopie.jpg 1024w, https:\/\/grundschule-zewen.de\/wp-content\/uploads\/2019\/09\/Familienwanderung_210919-6-Kopie-300x225.jpg 300w, https:\/\/grundschule-zewen.de\/wp-content\/uploads\/2019\/09\/Familienwanderung_210919-6-Kopie-768x576.jpg 768w\" sizes=\"(max-width: 1024px) 100vw, 1024px\" \/><em>Weitere Bilder finden Sie im Bereich <a href=\"http:\/\/grundschule-zewen.de\/?page_id=4443\" target=\"_blank\" rel=\"noopener noreferrer\">&#8222;Fotogalerie&#8220;<\/a>.<\/em><\/p>\n<p><strong>Leset\u00fcten-Aktion f\u00fcr die neuen Erstkl\u00e4ssler<br><\/strong>Am Donnerstag, den 5.9. 2019 besuchte uns eine Mitarbeiterin von der Buchhandlung Stephanus.<br>Im Gep\u00e4ck hatte sie 15 Leset\u00fcten f\u00fcr die neuen Erstkl\u00e4ssler. &nbsp;&nbsp;&nbsp;&nbsp;&nbsp;&nbsp;&nbsp;&nbsp;&nbsp;&nbsp;&nbsp;&nbsp;&nbsp;&nbsp; Diese wurden zuvor von den Zweitkl\u00e4sslern unserer Schule liebevoll bemalt und gestaltet. Die Buchhandlung Stephanus hat die T\u00fcten dann mit tollen \u00dcberraschungen f\u00fcr die Kinder und Infos f\u00fcr die Eltern zur Lesef\u00f6rderung ihrer Kinder gef\u00fcllt. Kinder der 2. Klassen haben die T\u00fcten dann den Schulneulingen \u00fcbergeben. Es gab viele strahlende Gesichter und die \u00dcberraschung ist vollends gelungen.<br>Die Leset\u00fcte ist eine Initiative der Interessengruppe (IG) Lesef\u00f6rderung des B\u00f6rsenvereins in Kooperation mit den Verlagen Arena und Oetinger und den \u00f6rtlichen Buchhandlungen.<br><em>Die Klasse 1 und Frau Heckmann sagen \u201eDanke\u201c !<br><img decoding=\"async\" loading=\"lazy\" class=\"alignnone size-full wp-image-4720\" src=\"http:\/\/grundschule-zewen.de\/wp-content\/uploads\/2019\/09\/P1060193-min.jpg\" alt=\"\" width=\"4000\" height=\"3000\" srcset=\"https:\/\/grundschule-zewen.de\/wp-content\/uploads\/2019\/09\/P1060193-min.jpg 4000w, https:\/\/grundschule-zewen.de\/wp-content\/uploads\/2019\/09\/P1060193-min-300x225.jpg 300w, https:\/\/grundschule-zewen.de\/wp-content\/uploads\/2019\/09\/P1060193-min-768x576.jpg 768w, https:\/\/grundschule-zewen.de\/wp-content\/uploads\/2019\/09\/P1060193-min-1024x768.jpg 1024w\" sizes=\"(max-width: 4000px) 100vw, 4000px\" \/>Weitere Bilder finden Sie im Bereich <a href=\"http:\/\/grundschule-zewen.de\/?page_id=4443\" target=\"_blank\" rel=\"noopener noreferrer\">&#8222;Fotogalerie&#8220;<\/a>.<br><\/em><\/p>\n\n\n<p><strong>\u00dcbergabe unserer \u201eGr\u00fcnen Meilen\u201c<\/strong><br>Seit mehr als 15 Jahren Gr\u00fcne Meilen f\u00fcr das Weltklima!<br>Schon seit 2002 sammeln Kindergarten- und Schulkinder Gr\u00fcne Meilen f\u00fcr das Weltklima!<br>Auch 2019 haben wieder europaweit viele tausende Kinder ihre&nbsp;Wege, die sie zu Fu\u00df, auf Roller und Rad, mit Bus oder Bahn zur\u00fcckgelegt haben, in Form von Gr\u00fcnen Meilen gesammelt. Diese wird das Klima-B\u00fcndnis zusammen mit den W\u00fcnschen und Ideen der Kinder f\u00fcr den Klimaschutz auf der n\u00e4chsten UN-Klimakonferenz pr\u00e4sentieren. <br>Die Kleinen zeigen den Gro\u00dfen, wie\u2019s geht:&nbsp; Nicht lange diskutieren, sondern einfach loslegen und das tun, was jede\/r Einzelne zum Schutz unseres Klimas beitragen kann. Denn jede &#8222;Gr\u00fcne Meile&#8220; z\u00e4hlt! Auch unsere Schule hat dieses Jahr wieder erfolgreich Meilen gesammelt.<br>Am Dienstag, den 03.09.2019, haben wir uns mit dem Stadtbus auf den Weg zum Filmtheater Broadway gemacht. Dort fand n\u00e4mlich die feierliche \u00dcbergabe der Kindermeilen statt, die wir im Laufe der letzten Schulwoche eifrig gesammelt haben.<br>Im Kino wurden wir von Frau Koch begr\u00fc\u00dft. Zuerst wurde uns einiges \u00fcber die Aktion erkl\u00e4rt; warum und f\u00fcr wen wir die Meilen gesammelt hatten. Im Anschluss wurde jede Schule einzeln aufgerufen und immer 2 Kinder einer Schule kamen nach vorne und pr\u00e4sentierten ihr Plakat, auf dem die Anzahl der erreichten Meilen notiert war. Wir haben insgesamt 872 gr\u00fcne Meilen gesammelt. Eine wirklich tolle Leistung. Nachdem alle Schulen ihr Ergebnis genannt und ein Gruppenfoto mit allen Vertretern der Schulen geschossen war, bekamen wir als \u00dcberraschung einen Film gezeigt.<br>Der Film handelte von einem gef\u00e4hrlichen Schulweg auf den Philippinen. Beeindruckend fanden die Kinder, dass die Kinder dort mehrere Stunden zu Fu\u00df unterwegs sind, um die Schule zu erreichen. Auch eine Steilwand m\u00fcssen sie bew\u00e4ltigen und das alles in Flip-Flops. Nicht selten begegnen sie dabei Schlangen.\u2026<br>Bei der Veranstaltung waren auch viele Reporter von der Presse da und haben einige Kinder von uns in einem Interview befragt. Mit dem Bus fuhren wir nach der Veranstaltung wieder zur Schule. Alle Kinder fanden, dass es ein gelungener Vormittag war<br><a href=\"http:\/\/grundschule-zewen.de\/wp-content\/uploads\/2019\/09\/Kindermeilen-Urkunde-2019.pdf\" target=\"_blank\" rel=\"noopener noreferrer\">Hier<\/a> gelangen Sie zu unserer Kindermeilen-Urkunde.<\/p>\n\n\n\n<figure class=\"wp-block-image\"><img decoding=\"async\" loading=\"lazy\" width=\"3264\" height=\"2448\" src=\"http:\/\/grundschule-zewen.de\/wp-content\/uploads\/2019\/09\/IMG_9870-min.jpg\" alt=\"\" class=\"wp-image-4699\" srcset=\"https:\/\/grundschule-zewen.de\/wp-content\/uploads\/2019\/09\/IMG_9870-min.jpg 3264w, https:\/\/grundschule-zewen.de\/wp-content\/uploads\/2019\/09\/IMG_9870-min-300x225.jpg 300w, https:\/\/grundschule-zewen.de\/wp-content\/uploads\/2019\/09\/IMG_9870-min-768x576.jpg 768w, https:\/\/grundschule-zewen.de\/wp-content\/uploads\/2019\/09\/IMG_9870-min-1024x768.jpg 1024w\" sizes=\"(max-width: 3264px) 100vw, 3264px\" \/><\/figure>\n\n\n\n<p><em>Weitere Bilder finden Sie im Bereich <a href=\"http:\/\/grundschule-zewen.de\/?page_id=4443\" target=\"_blank\" rel=\"noopener noreferrer\">&#8222;Fotogalerie&#8220;<\/a>.<\/em><\/p>\n\n\n<p><strong>Illuminale-Workshop im Stadtmuseum Simeonstift Trier<br><\/strong>Am Montag, den 26.08.2019, fuhren wir gemeinsam mit unserer Lehrerin Frau Heil und Frau Spang mit dem Stadtbus zum Stadtmuseum an der Porta Nigra. Dort durften wir an einem Workshop teilnehmen, in dem Lampions f\u00fcr die Illuminale in Trier, die am 27.09.2019 stattfindet, gebastelt wurden.<br>Nach einem kurzen Fr\u00fchst\u00fcck auf dem Vorplatz der Porta Nigra \u00f6ffnete das Museum um 9.00 Uhr seine Pforten und es ging los. Als erstes sind in wir einen Kunstraum gegangen. Dort konnten wir unsere Rucks\u00e4cke und Jacken ablegen. Danach hat Patricia, die Workshopleiterin, uns das Museum gezeigt und einiges erkl\u00e4rt. Wir haben \u00fcber die Stadt Trier, den Dom, die Porta Nigra und den zweiten Weltkrieg gesprochen.<br>Im Museum gibt es einen gro\u00dfen Nachbau von Trier, aber von ganz fr\u00fcher. Da war in der Porta Nigra noch eine Kirche mit einem Friedhof.<br>Nach dem Museumsrundgang, der sehr interessant war, sind wir wieder in den Kunstraum zur\u00fcckgegangen. Dort haben wir dann H\u00e4user-Laternen gebastelt. Als wir fertig waren, durften wir drau\u00dfen noch ein bisschen spielen. Danach sind wir noch gemeinsam ein Eis essen gegangen und durften auf dem Kornmarkt im Wasser spielen.<br>Am Ende sind wir dann wieder mit dem Stadtbus zur\u00fcck zur Schule gefahren. Leider war die Zeit sehr schnell vorbei.<br>Es war ein sch\u00f6ner und interessanter Ausflug und wir bedanken uns ganz herzlich bei dem Stadtmuseum f\u00fcr den kostenlosen Workshop.<br>Unsere gebastelten Laternen k\u00f6nnt ihr dann am Abend der Illuminale auf dem Vorplatz des Trierer Doms bewundern; dort werden sie in den B\u00e4umen h\u00e4ngen und bunt leuchten.<br>(Lilly Fleck, Anna Mertz und Frau Heil, Klasse 4b)<br><img decoding=\"async\" loading=\"lazy\" class=\"alignnone size-full wp-image-4451\" src=\"http:\/\/grundschule-zewen.de\/wp-content\/uploads\/2019\/09\/Ausflug_Museum_Illuminale_260819-8-Kopie.jpg\" alt=\"\" width=\"1024\" height=\"768\" srcset=\"https:\/\/grundschule-zewen.de\/wp-content\/uploads\/2019\/09\/Ausflug_Museum_Illuminale_260819-8-Kopie.jpg 1024w, https:\/\/grundschule-zewen.de\/wp-content\/uploads\/2019\/09\/Ausflug_Museum_Illuminale_260819-8-Kopie-300x225.jpg 300w, https:\/\/grundschule-zewen.de\/wp-content\/uploads\/2019\/09\/Ausflug_Museum_Illuminale_260819-8-Kopie-768x576.jpg 768w\" sizes=\"(max-width: 1024px) 100vw, 1024px\" \/><\/p>\n<p><em>Weitere Bilder finden Sie im Bereich <a href=\"http:\/\/grundschule-zewen.de\/?page_id=4443\" target=\"_blank\" rel=\"noopener noreferrer\">&#8222;Fotogalerie&#8220;<\/a>.<\/em><\/p>","protected":false},"excerpt":{"rendered":"<p>Ern\u00e4hrungsf\u00fchrerscheinEnde April hatten die 4. Klassen geplant, den Ern\u00e4hrungsf\u00fchrerschein, der von der Bundesanstalt f\u00fcr Landwirtschaft und Ern\u00e4hrung erarbeitet wurde,&nbsp;&nbsp;zu machen. Aufgrund von Corona ist dies leider ausgefallen.&nbsp;Doch dank Frau Mona Gr\u00fcnewald, die im Namen der IKK diese Unterrichtseinheit an Grundschulen durchf\u00fchrt, konnten wir im Juni unser Vorhaben noch nachholen.Mit dem Ern\u00e4hrungsf\u00fchrerschein kommen K\u00fcche und Klimaschutz &hellip; <a href=\"https:\/\/grundschule-zewen.de\/?page_id=4440\" class=\"more-link\"><span class=\"screen-reader-text\">Chronik: Schulleben im Schuljahr 2019\/2020<\/span> weiterlesen <span class=\"meta-nav\">&rarr;<\/span><\/a><\/p>\n","protected":false},"author":2,"featured_media":0,"parent":0,"menu_order":0,"comment_status":"closed","ping_status":"closed","template":"","meta":{"ngg_post_thumbnail":0},"_links":{"self":[{"href":"https:\/\/grundschule-zewen.de\/index.php?rest_route=\/wp\/v2\/pages\/4440"}],"collection":[{"href":"https:\/\/grundschule-zewen.de\/index.php?rest_route=\/wp\/v2\/pages"}],"about":[{"href":"https:\/\/grundschule-zewen.de\/index.php?rest_route=\/wp\/v2\/types\/page"}],"author":[{"embeddable":true,"href":"https:\/\/grundschule-zewen.de\/index.php?rest_route=\/wp\/v2\/users\/2"}],"replies":[{"embeddable":true,"href":"https:\/\/grundschule-zewen.de\/index.php?rest_route=%2Fwp%2Fv2%2Fcomments&post=4440"}],"version-history":[{"count":36,"href":"https:\/\/grundschule-zewen.de\/index.php?rest_route=\/wp\/v2\/pages\/4440\/revisions"}],"predecessor-version":[{"id":5739,"href":"https:\/\/grundschule-zewen.de\/index.php?rest_route=\/wp\/v2\/pages\/4440\/revisions\/5739"}],"wp:attachment":[{"href":"https:\/\/grundschule-zewen.de\/index.php?rest_route=%2Fwp%2Fv2%2Fmedia&parent=4440"}],"curies":[{"name":"wp","href":"https:\/\/api.w.org\/{rel}","templated":true}]}}