{"id":3586,"date":"2018-09-18T11:10:55","date_gmt":"2018-09-18T09:10:55","guid":{"rendered":"http:\/\/grundschule-zewen.de\/?page_id=3586"},"modified":"2018-09-18T11:23:20","modified_gmt":"2018-09-18T09:23:20","slug":"schliessfaecher","status":"publish","type":"page","link":"https:\/\/grundschule-zewen.de\/?page_id=3586","title":{"rendered":"Schliessf\u00e4cher mieten"},"content":{"rendered":"<p>Sehr geehrte Eltern und Sorgeberechtigte,<\/p>\n<p>f\u00fcr unsere Sch\u00fclerinnen und Sch\u00fcler besteht&nbsp; die M\u00f6glichkeit, ein Schlie\u00dffach zu nutzen. Die Schlie\u00dff\u00e4cher sind von der Gr\u00f6\u00dfe so gestaltet, dass das komplette Equipment f\u00fcr die Schule inkl. Ranzen und Fahrradhelm oder \u00e4hnlichem verstaut werden kann.<br \/>\nSch\u00fclerinnen und Sch\u00fcler im Wachstum sollten maximal 10% ihres eigenen K\u00f6rpergewichtes tragen. Mit den Schlie\u00dff\u00e4chern existiert nun die M\u00f6glichkeit, Sachen sicher in der Schule zu lagern und somit den R\u00fccken unserer Sch\u00fclerinnen und Sch\u00fcler zu entlasten.<br \/>\nAu\u00dferdem bietet es f\u00fcr den Bereich der Ganztagsschule die M\u00f6glichkeit, pers\u00f6nliche Dinge au\u00dferhalb des Klassenraumes sicher verschlossen und doch jederzeit erreichbar zu deponieren.<br \/>\nWir kooperieren mit dem Unternehmen <strong><a href=\"https:\/\/www.astradirect.de\/\" target=\"_blank\" rel=\"noopener\">AstraDirect<\/a><\/strong>, dem Marktf\u00fchrer im Bereich der Schulschlie\u00dffachvermietung. AstraDirect \u00fcbernimmt die komplette Abwicklung, Verwaltung und Wartung der Schlie\u00dff\u00e4cher.<br \/>\nUm <strong>zuk\u00fcnftig rund um die Uhr f\u00fcr Sie erreichbar<\/strong> zu sein, haben Sie die M\u00f6glichkeit \u00fcber <strong>das <a href=\"https:\/\/www.astradirect.de\/portal.html\" target=\"_blank\" rel=\"noopener\">Online-Serviceportal f\u00fcr Sch\u00fcler<\/a><\/strong> der Firma AstraDirect jederzeit alle Belange rund ums Schlie\u00dffach selbst zu erledigen. Einfach und bequem k\u00f6nnen Schlie\u00dff\u00e4cher gemietet, PIN-Codes angefordert, F\u00e4cher gewechselt, Sch\u00e4den gemeldet und pers\u00f6nliche Kunden- und Vertragsdaten eingesehen werden. <strong>Somit entfallen l\u00e4stige Wartezeiten am Telefon.<br \/>\n<\/strong>Derzeit stehen drei Schr\u00e4nke bei uns in der Schule, sodass Sie sich diese gerne in Ruhe anschauen und testen k\u00f6nnen \u2013 schlie\u00dflich sollen Sie ja genau wissen, worauf Sie sich einlassen.<img decoding=\"async\" loading=\"lazy\" width=\"600\" height=\"600\" class=\"alignnone size-full wp-image-3591\" alt=\"\" src=\"http:\/\/grundschule-zewen.de\/wp-content\/uploads\/2018\/09\/schueler-mieten.png\" srcset=\"https:\/\/grundschule-zewen.de\/wp-content\/uploads\/2018\/09\/schueler-mieten.png 600w, https:\/\/grundschule-zewen.de\/wp-content\/uploads\/2018\/09\/schueler-mieten-150x150.png 150w, https:\/\/grundschule-zewen.de\/wp-content\/uploads\/2018\/09\/schueler-mieten-300x300.png 300w\" sizes=\"(max-width: 600px) 100vw, 600px\" \/><br \/>\nGerne kann ich Sie auch pers\u00f6nlich beraten, falls Sie Fragen rund um das Schlie\u00dffachsystem haben sollten oder die Bedienung des Zahlenschlosses einmal selbst testen m\u00f6chten.<br \/>\nEinen entsprechenden <strong>Vertrag<\/strong> erhalten Sie im <a href=\"http:\/\/grundschule-zewen.de\/?page_id=25\" target=\"_blank\" rel=\"noopener\">Sekretariat<\/a> unserer Schule oder bei mir.<br \/>\nAlternativ k\u00f6nnen Sie den Mietvertrag f\u00fcr das Schlie\u00dffach auch direkt online eingeben.<\/p>\n<p><a href=\"https:\/\/www.astradirect.de\/sfmiet.html\" target=\"_blank\" rel=\"noopener\"><strong>Schrank online mieten<\/strong><\/a><\/p>\n<p>Mit freundlichen Gr\u00fc\u00dfen<\/p>\n<p>Gunther Butschan<\/p>\n","protected":false},"excerpt":{"rendered":"<p>Sehr geehrte Eltern und Sorgeberechtigte, f\u00fcr unsere Sch\u00fclerinnen und Sch\u00fcler besteht&nbsp; die M\u00f6glichkeit, ein Schlie\u00dffach zu nutzen. Die Schlie\u00dff\u00e4cher sind von der Gr\u00f6\u00dfe so gestaltet, dass das komplette Equipment f\u00fcr die Schule inkl. Ranzen und Fahrradhelm oder \u00e4hnlichem verstaut werden kann. Sch\u00fclerinnen und Sch\u00fcler im Wachstum sollten maximal 10% ihres eigenen K\u00f6rpergewichtes tragen. Mit den &hellip; <a href=\"https:\/\/grundschule-zewen.de\/?page_id=3586\" class=\"more-link\"><span class=\"screen-reader-text\">Schliessf\u00e4cher mieten<\/span> weiterlesen <span class=\"meta-nav\">&rarr;<\/span><\/a><\/p>\n","protected":false},"author":2,"featured_media":0,"parent":0,"menu_order":0,"comment_status":"closed","ping_status":"closed","template":"","meta":{"ngg_post_thumbnail":0},"_links":{"self":[{"href":"https:\/\/grundschule-zewen.de\/index.php?rest_route=\/wp\/v2\/pages\/3586"}],"collection":[{"href":"https:\/\/grundschule-zewen.de\/index.php?rest_route=\/wp\/v2\/pages"}],"about":[{"href":"https:\/\/grundschule-zewen.de\/index.php?rest_route=\/wp\/v2\/types\/page"}],"author":[{"embeddable":true,"href":"https:\/\/grundschule-zewen.de\/index.php?rest_route=\/wp\/v2\/users\/2"}],"replies":[{"embeddable":true,"href":"https:\/\/grundschule-zewen.de\/index.php?rest_route=%2Fwp%2Fv2%2Fcomments&post=3586"}],"version-history":[{"count":6,"href":"https:\/\/grundschule-zewen.de\/index.php?rest_route=\/wp\/v2\/pages\/3586\/revisions"}],"predecessor-version":[{"id":3593,"href":"https:\/\/grundschule-zewen.de\/index.php?rest_route=\/wp\/v2\/pages\/3586\/revisions\/3593"}],"wp:attachment":[{"href":"https:\/\/grundschule-zewen.de\/index.php?rest_route=%2Fwp%2Fv2%2Fmedia&parent=3586"}],"curies":[{"name":"wp","href":"https:\/\/api.w.org\/{rel}","templated":true}]}}