{"id":27,"date":"2017-05-09T18:51:37","date_gmt":"2017-05-09T18:51:37","guid":{"rendered":"http:\/\/grundschule-zewen.de\/?page_id=27"},"modified":"2022-09-07T11:57:57","modified_gmt":"2022-09-07T09:57:57","slug":"kollegium","status":"publish","type":"page","link":"https:\/\/grundschule-zewen.de\/?page_id=27","title":{"rendered":"Kollegium"},"content":{"rendered":"<div>\n<h2><strong>Kollegium und Klassen der GS Trier-Zewen im Schuljahr 2022\/23<\/strong><\/h2>\n<p>&nbsp;<\/p>\n\n<table id=\"tablepress-1\" class=\"tablepress tablepress-id-1\">\n<thead>\n<tr class=\"row-1 odd\">\n\t<th class=\"column-1\">Klasse<\/th><th class=\"column-2\">Klassenleiterin<\/th><th class=\"column-3\">Anzahl der Sch\u00fclerInnen<\/th><th class=\"column-4\">Fremdsprache<\/th>\n<\/tr>\n<\/thead>\n<tbody class=\"row-hover\">\n<tr class=\"row-2 even\">\n\t<td class=\"column-1\">1a<\/td><td class=\"column-2\">Frau Dunja H\u00fcsch<\/td><td class=\"column-3\">15<\/td><td class=\"column-4\">Englisch - integriert<\/td>\n<\/tr>\n<tr class=\"row-3 odd\">\n\t<td class=\"column-1\">1b<\/td><td class=\"column-2\">Frau Simone Burczyk<\/td><td class=\"column-3\">21<\/td><td class=\"column-4\">Franz\u00f6sisch - bilingual<\/td>\n<\/tr>\n<tr class=\"row-4 even\">\n\t<td class=\"column-1\">2a<\/td><td class=\"column-2\">Frau Katja Zeiger<\/td><td class=\"column-3\">15<\/td><td class=\"column-4\">Englisch - integriert<\/td>\n<\/tr>\n<tr class=\"row-5 odd\">\n\t<td class=\"column-1\">2b<\/td><td class=\"column-2\">Frau Judith Schmitt<\/td><td class=\"column-3\">17<\/td><td class=\"column-4\">Franz\u00f6sisch - bilingual<\/td>\n<\/tr>\n<tr class=\"row-6 even\">\n\t<td class=\"column-1\">3a<\/td><td class=\"column-2\">Frau Julia Hartke &amp; Frau Silke Scheuer<\/td><td class=\"column-3\">16<\/td><td class=\"column-4\">Englisch - integriert<\/td>\n<\/tr>\n<tr class=\"row-7 odd\">\n\t<td class=\"column-1\">3b<\/td><td class=\"column-2\">Frau Petra M\u00fcller<\/td><td class=\"column-3\">14<\/td><td class=\"column-4\">Franz\u00f6sisch - bilingual<\/td>\n<\/tr>\n<tr class=\"row-8 even\">\n\t<td class=\"column-1\">4<\/td><td class=\"column-2\">Frau Sandra Heckmann<\/td><td class=\"column-3\">15<\/td><td class=\"column-4\">Franz\u00f6sisch - bilingual &amp; integriert<\/td>\n<\/tr>\n<\/tbody>\n<\/table>\n<!-- #tablepress-1 from cache -->\n<p>Au\u00dferdem unterrichten folgende Lehrkr\u00e4fte an unserer Schule:<br \/>\n&#8211; Frau Karin Seegel (Lehrerin, als Muttersprachlerin unter anderem verantwortlich f\u00fcr den bilingualen Unterricht im Fach Franz\u00f6sisch)<br \/>\n&#8211; Frau Claudia Spitz (franz\u00f6sische Austausch-Lehrkraft, eingesetzt im bilingualen Unterricht)<br \/>\n&#8211; Frau Tu\u011fana G\u00f6kta\u015f (Lehramtsanw\u00e4rterin [LAA])<br \/>\n&#8211; Herr Philipp Grundmann&nbsp;(PES-Lehrkraft: eingesetzt im Sport- und Vertretungsunterricht),<br \/>\n&#8211; Frau Lena Schulz (PES-Lehrkraft: eingesetzt im F\u00f6rder- und Vertretungsunterricht),<br \/>\n&#8211; Frau Selina Graf (PES-Lehrkraft: eingesetzt im Vertretungsunterricht),<br \/>\n&#8211; Herr Gunther Butschan (Schulleiter)<\/p>\n<p>Unterst\u00fctzt werden wir in unserer Arbeit von zwei FSJ-lern:<br \/>\n&#8211; Herr Finn Konrath und<br \/>\n&#8211; Tom Herrmann<\/p>\n<p>\u00dcbrigens: zum Beginn des Schuljahres 2023\/2024 werden zwei FSJ-Stellen frei. Wir sind auch anerkannte Einsatzstelle f\u00fcr ein Freiwilliges Soziales Jahr im Sport. Interesse? Dann bewerben Sie sich <a href=\"http:\/\/grundschule-zewen.de\/?page_id=23\">hier<\/a>.<br \/>\n<img decoding=\"async\" loading=\"lazy\" class=\"alignnone size-full wp-image-2070\" src=\"http:\/\/grundschule-zewen.de\/wp-content\/uploads\/2017\/09\/FSJ-im-Sport.png\" alt=\"\" width=\"318\" height=\"159\" srcset=\"https:\/\/grundschule-zewen.de\/wp-content\/uploads\/2017\/09\/FSJ-im-Sport.png 318w, https:\/\/grundschule-zewen.de\/wp-content\/uploads\/2017\/09\/FSJ-im-Sport-300x150.png 300w\" sizes=\"(max-width: 318px) 100vw, 318px\" \/><img decoding=\"async\" loading=\"lazy\" class=\"alignnone wp-image-2867 size-thumbnail\" src=\"http:\/\/grundschule-zewen.de\/wp-content\/uploads\/2017\/05\/freiwilligendienste_weil_ich_will-Quadrat-150x150.jpg\" alt=\"\" width=\"150\" height=\"150\" srcset=\"https:\/\/grundschule-zewen.de\/wp-content\/uploads\/2017\/05\/freiwilligendienste_weil_ich_will-Quadrat-150x150.jpg 150w, https:\/\/grundschule-zewen.de\/wp-content\/uploads\/2017\/05\/freiwilligendienste_weil_ich_will-Quadrat-300x300.jpg 300w, https:\/\/grundschule-zewen.de\/wp-content\/uploads\/2017\/05\/freiwilligendienste_weil_ich_will-Quadrat.jpg 584w\" sizes=\"(max-width: 150px) 100vw, 150px\" \/><\/p>\n<\/div>\n","protected":false},"excerpt":{"rendered":"<p>Kollegium und Klassen der GS Trier-Zewen im Schuljahr 2022\/23 &nbsp; Au\u00dferdem unterrichten folgende Lehrkr\u00e4fte an unserer Schule: &#8211; Frau Karin Seegel (Lehrerin, als Muttersprachlerin unter anderem verantwortlich f\u00fcr den bilingualen Unterricht im Fach Franz\u00f6sisch) &#8211; Frau Claudia Spitz (franz\u00f6sische Austausch-Lehrkraft, eingesetzt im bilingualen Unterricht) &#8211; Frau Tu\u011fana G\u00f6kta\u015f (Lehramtsanw\u00e4rterin [LAA]) &#8211; Herr Philipp Grundmann&nbsp;(PES-Lehrkraft: eingesetzt &hellip; <a href=\"https:\/\/grundschule-zewen.de\/?page_id=27\" class=\"more-link\"><span class=\"screen-reader-text\">Kollegium<\/span> weiterlesen <span class=\"meta-nav\">&rarr;<\/span><\/a><\/p>\n","protected":false},"author":1,"featured_media":0,"parent":0,"menu_order":0,"comment_status":"closed","ping_status":"closed","template":"","meta":{"ngg_post_thumbnail":0},"_links":{"self":[{"href":"https:\/\/grundschule-zewen.de\/index.php?rest_route=\/wp\/v2\/pages\/27"}],"collection":[{"href":"https:\/\/grundschule-zewen.de\/index.php?rest_route=\/wp\/v2\/pages"}],"about":[{"href":"https:\/\/grundschule-zewen.de\/index.php?rest_route=\/wp\/v2\/types\/page"}],"author":[{"embeddable":true,"href":"https:\/\/grundschule-zewen.de\/index.php?rest_route=\/wp\/v2\/users\/1"}],"replies":[{"embeddable":true,"href":"https:\/\/grundschule-zewen.de\/index.php?rest_route=%2Fwp%2Fv2%2Fcomments&post=27"}],"version-history":[{"count":24,"href":"https:\/\/grundschule-zewen.de\/index.php?rest_route=\/wp\/v2\/pages\/27\/revisions"}],"predecessor-version":[{"id":6658,"href":"https:\/\/grundschule-zewen.de\/index.php?rest_route=\/wp\/v2\/pages\/27\/revisions\/6658"}],"wp:attachment":[{"href":"https:\/\/grundschule-zewen.de\/index.php?rest_route=%2Fwp%2Fv2%2Fmedia&parent=27"}],"curies":[{"name":"wp","href":"https:\/\/api.w.org\/{rel}","templated":true}]}}